{"id":3352,"date":"2023-11-02T13:33:37","date_gmt":"2023-11-02T12:33:37","guid":{"rendered":"https:\/\/www.cottagesdeperpignan.com\/berufliche-veranstaltungen-perpignan\/"},"modified":"2023-11-29T10:58:29","modified_gmt":"2023-11-29T09:58:29","slug":"berufliche-veranstaltungen-perpignan","status":"publish","type":"page","link":"https:\/\/www.cottagesdeperpignan.com\/de\/berufliche-veranstaltungen-perpignan\/","title":{"rendered":"Pro-Events"},"content":{"rendered":"<section id=\"ls-section-block_51d836d2023fc7906b9241ce167a7ef0\" class=\"ls-section  page-intro has-p-b p-b-0\" >\r\n        <div class=\"container \">\r\n        \n\n<div class=\"wp-block-columns is-layout-flex wp-container-core-columns-is-layout-9d6595d7 wp-block-columns-is-layout-flex\">\n<div class=\"wp-block-column is-layout-flow wp-block-column-is-layout-flow\">\n<h1 class=\"ls__heading wp-block-heading has-text-align-center\">Organisieren Sie Ihre Gesch\u00e4ftsveranstaltungen in unserem Restaurant<\/h1>\n<\/div>\n<\/div>\n\n\r\n    <\/div>\r\n<\/section><section id=\"ls-section-block_662f9b6d13a5f526177432e119b7b0b1\" class=\"ls-section  page-one\" >\r\n        <div class=\"container container--wide\">\r\n        \n\n<div class=\"wp-block-columns is-layout-flex wp-container-core-columns-is-layout-9d6595d7 wp-block-columns-is-layout-flex\">\n<div class=\"wp-block-column first is-layout-flow wp-block-column-is-layout-flow\" style=\"flex-basis:66.66%\">\n<figure class=\"wp-block-gallery has-nested-images columns-default is-cropped gallery-slider wp-block-gallery-1 is-layout-flex wp-block-gallery-is-layout-flex\">\n<figure class=\"wp-block-image size-full\"><a href=\"https:\/\/www.cottagesdeperpignan.com\/wp-content\/uploads\/2023\/11\/terrasse-les-cottages.webp\"><img decoding=\"async\" width=\"1920\" height=\"1280\" data-id=\"1403\" src=\"https:\/\/www.cottagesdeperpignan.com\/wp-content\/uploads\/2023\/11\/terrasse-les-cottages.webp\" alt=\"terrasse les cottages\" class=\"wp-image-1403\" srcset=\"https:\/\/www.cottagesdeperpignan.com\/wp-content\/uploads\/2023\/11\/terrasse-les-cottages.webp 1920w, https:\/\/www.cottagesdeperpignan.com\/wp-content\/uploads\/2023\/11\/terrasse-les-cottages-300x200.webp 300w, https:\/\/www.cottagesdeperpignan.com\/wp-content\/uploads\/2023\/11\/terrasse-les-cottages-1024x683.webp 1024w, https:\/\/www.cottagesdeperpignan.com\/wp-content\/uploads\/2023\/11\/terrasse-les-cottages-768x512.webp 768w, https:\/\/www.cottagesdeperpignan.com\/wp-content\/uploads\/2023\/11\/terrasse-les-cottages-1536x1024.webp 1536w\" sizes=\"(max-width: 1920px) 100vw, 1920px\" \/><\/a><\/figure>\n\n\n\n<figure class=\"wp-block-image size-full\"><a href=\"https:\/\/www.cottagesdeperpignan.com\/wp-content\/uploads\/2023\/11\/les-cottages-piscine-camping.webp\"><img decoding=\"async\" width=\"1920\" height=\"1280\" data-id=\"1254\" src=\"https:\/\/www.cottagesdeperpignan.com\/wp-content\/uploads\/2023\/11\/les-cottages-piscine-camping.webp\" alt=\"die cottages pool camping\" class=\"wp-image-1254\" srcset=\"https:\/\/www.cottagesdeperpignan.com\/wp-content\/uploads\/2023\/11\/les-cottages-piscine-camping.webp 1920w, https:\/\/www.cottagesdeperpignan.com\/wp-content\/uploads\/2023\/11\/les-cottages-piscine-camping-300x200.webp 300w, https:\/\/www.cottagesdeperpignan.com\/wp-content\/uploads\/2023\/11\/les-cottages-piscine-camping-1024x683.webp 1024w, https:\/\/www.cottagesdeperpignan.com\/wp-content\/uploads\/2023\/11\/les-cottages-piscine-camping-768x512.webp 768w, https:\/\/www.cottagesdeperpignan.com\/wp-content\/uploads\/2023\/11\/les-cottages-piscine-camping-1536x1024.webp 1536w\" sizes=\"(max-width: 1920px) 100vw, 1920px\" \/><\/a><\/figure>\n\n\n\n<figure class=\"wp-block-image size-full\"><a href=\"https:\/\/www.cottagesdeperpignan.com\/wp-content\/uploads\/2023\/11\/2023_les-cottages-de-perpignan_restaurant-bar_12_0.webp\"><img decoding=\"async\" width=\"1920\" height=\"1280\" data-id=\"1307\" src=\"https:\/\/www.cottagesdeperpignan.com\/wp-content\/uploads\/2023\/11\/2023_les-cottages-de-perpignan_restaurant-bar_12_0.webp\" alt=\"Gruppenrestaurant\" class=\"wp-image-1307\" srcset=\"https:\/\/www.cottagesdeperpignan.com\/wp-content\/uploads\/2023\/11\/2023_les-cottages-de-perpignan_restaurant-bar_12_0.webp 1920w, https:\/\/www.cottagesdeperpignan.com\/wp-content\/uploads\/2023\/11\/2023_les-cottages-de-perpignan_restaurant-bar_12_0-300x200.webp 300w, https:\/\/www.cottagesdeperpignan.com\/wp-content\/uploads\/2023\/11\/2023_les-cottages-de-perpignan_restaurant-bar_12_0-1024x683.webp 1024w, https:\/\/www.cottagesdeperpignan.com\/wp-content\/uploads\/2023\/11\/2023_les-cottages-de-perpignan_restaurant-bar_12_0-768x512.webp 768w, https:\/\/www.cottagesdeperpignan.com\/wp-content\/uploads\/2023\/11\/2023_les-cottages-de-perpignan_restaurant-bar_12_0-1536x1024.webp 1536w\" sizes=\"(max-width: 1920px) 100vw, 1920px\" \/><\/a><\/figure>\n\n\n\n<figure class=\"wp-block-image size-full\"><a href=\"https:\/\/www.cottagesdeperpignan.com\/wp-content\/uploads\/2023\/11\/camping-cottage-2023_les-cottages-de-perpignan_restaurant-bar_27_0.webp\"><img decoding=\"async\" width=\"1920\" height=\"1280\" data-id=\"607\" src=\"https:\/\/www.cottagesdeperpignan.com\/wp-content\/uploads\/2023\/11\/camping-cottage-2023_les-cottages-de-perpignan_restaurant-bar_27_0.webp\" alt=\"plateau restaurant camping\" class=\"wp-image-607\" srcset=\"https:\/\/www.cottagesdeperpignan.com\/wp-content\/uploads\/2023\/11\/camping-cottage-2023_les-cottages-de-perpignan_restaurant-bar_27_0.webp 1920w, https:\/\/www.cottagesdeperpignan.com\/wp-content\/uploads\/2023\/11\/camping-cottage-2023_les-cottages-de-perpignan_restaurant-bar_27_0-300x200.webp 300w, https:\/\/www.cottagesdeperpignan.com\/wp-content\/uploads\/2023\/11\/camping-cottage-2023_les-cottages-de-perpignan_restaurant-bar_27_0-1024x683.webp 1024w, https:\/\/www.cottagesdeperpignan.com\/wp-content\/uploads\/2023\/11\/camping-cottage-2023_les-cottages-de-perpignan_restaurant-bar_27_0-768x512.webp 768w, https:\/\/www.cottagesdeperpignan.com\/wp-content\/uploads\/2023\/11\/camping-cottage-2023_les-cottages-de-perpignan_restaurant-bar_27_0-1536x1024.webp 1536w\" sizes=\"(max-width: 1920px) 100vw, 1920px\" \/><\/a><\/figure>\n<\/figure>\n<\/div>\n\n\n\n<div class=\"wp-block-column is-vertically-aligned-center second is-layout-flow wp-block-column-is-layout-flow\" style=\"flex-basis:33.33%\">\n<p class=\"ls-paragraph\">F\u00fcr eine gelungene <strong>Firmenfeier<\/strong> oder ein <strong>Gesch\u00e4ftsessen muss<\/strong> ein <strong>geselliger Veranstaltungsort<\/strong> gefunden werden. Egal, ob Sie ein kleines Unternehmen oder eine gro\u00dfe Firma sind, dieses Ereignis ist f\u00fcr das Image Ihrer Einrichtung von gr\u00f6\u00dfter Bedeutung. Es schafft Zusammenhalt unter Ihren Mitarbeitern und festigt die Beziehungen zu Ihren Kunden oder Mitarbeitern.<\/p>\n\n\n\n<p class=\"ls-paragraph\">Ob f\u00fcr ein Cocktail-Essen, ein Buffet, eine Party oder ein <strong>Arbeitsseminar<\/strong>, unser <a href=\"https:\/\/www.cottagesdeperpignan.com\/de\/\">Campingplatz in Perpignan<\/a>, stellt Ihnen einen <strong>klimatisierten Speisesaal<\/strong> zur Verf\u00fcgung, der 120 Personen Platz bietet. Sie erhalten in einem <strong>hellen Rahmen<\/strong> viel Platz, um Ihre Veranstaltung erfolgreich durchzuf\u00fchren. Im Au\u00dfenbereich haben Sie ab den sch\u00f6nen Tagen die M\u00f6glichkeit, die <strong>gro\u00dfe Terrasse<\/strong> zu nutzen, die an den <a href=\"https:\/\/www.cottagesdeperpignan.com\/de\/camping-schwimmbad-perpignan\/\">Pool des Campingplatzes<\/a> angrenzt.  <\/p>\n\n\n\n<p class=\"ls-paragraph\">Mahlzeiten sind sehr wichtige Momente bei Tagungen oder Betriebsfeiern. Denn nichts ist besser als ein <strong>gutes Essen<\/strong>, um die Beziehungen zwischen Menschen zu st\u00e4rken und Vertrauen aufzubauen. In unserem Restaurant teilen Sie mit Ihren Teams und Partnern <strong>gesellige Momente<\/strong> bei geschmackvoll zubereiteten Mahlzeiten. Unsere Men\u00fcs werden von unserem K\u00fcchenchef sorgf\u00e4ltig aus <strong>frischen und lokalen Produkten<\/strong> zusammengestellt.<\/p>\n<\/div>\n<\/div>\n\n\r\n    <\/div>\r\n<\/section><section id=\"mizzy\" class=\"ls-section  page-one has-background has-color-6-background-color\" >\r\n        <div class=\"container container--wide\">\r\n        \n\n<div class=\"wp-block-columns is-layout-flex wp-container-core-columns-is-layout-9d6595d7 wp-block-columns-is-layout-flex\">\n<div class=\"wp-block-column is-vertically-aligned-center second is-layout-flow wp-block-column-is-layout-flow\" style=\"flex-basis:33.33%\">\n<div id=\"ls-heading ls-titre-div-block_bdf15f947a9b12edc69b07bc75c30727\" class=\"ls-titre-div deco h2-like\" >\n    Tarife \u00e0 la carte, je nach <b>Ihrem Budget<\/b><\/div>\n\n\n\n<p class=\"ls-paragraph\">Bei der Organisation eines Firmenessens oder -seminars muss man an alle Details denken. Nachdem wir Ihr Projekt gepr\u00fcft haben, werden wir Ihnen einen <strong>Kostenvoranschlag unterbreiten, der Ihrem Budget<\/strong> entspricht und Ihren Vorstellungen gerecht wird. Er wird je nach Anzahl der Teilnehmer, dem Men\u00fc und den gew\u00fcnschten Animationen variieren. Sie k\u00f6nnen die Gelegenheit auch nutzen, um <a href=\"https:\/\/www.cottagesdeperpignan.com\/de\/unsere-unterkuenfte\/\">Mobilheime in Perpignan<\/a> zu buchen, wenn Sie von weiter weg kommen.<\/p>\n\n\n\n<p class=\"ls-paragraph\">Mit unserer <strong>Erfahrung in der Veranstaltungsbranche<\/strong> sind wir f\u00fcr Sie da, um Sie zu beraten und Ihnen L\u00f6sungen anzubieten. Die Organisation von <strong>Gruppenmahlzeiten<\/strong> und Festen geh\u00f6rt zu <strong>unserem Beruf<\/strong>. Unser Ziel ist es, Ihre festliche Veranstaltung mit erstklassigem Service und <strong>Animationen<\/strong> so angenehm wie m\u00f6glich zu gestalten. Unser Team ist qualifiziert und arbeitet professionell, um vor allem Ihre Zufriedenheit zu gew\u00e4hrleisten.<\/p>\n\n\n\n<p class=\"ls-paragraph\">Kontaktieren Sie <strong>Frau BENADDA Dalila<\/strong> unter <strong>+33 6.02.06.83.85.<\/strong> noch heute, damit wir gemeinsam Ihre gesch\u00e4ftliche Veranstaltung organisieren und erfolgreich durchf\u00fchren k\u00f6nnen.<\/p>\n<\/div>\n\n\n\n<div class=\"wp-block-column first is-layout-flow wp-block-column-is-layout-flow\" style=\"flex-basis:66.66%\">\n<figure class=\"wp-block-gallery has-nested-images columns-default is-cropped gallery-slider wp-block-gallery-2 is-layout-flex wp-block-gallery-is-layout-flex\">\n<figure class=\"wp-block-image size-full\"><a href=\"https:\/\/www.cottagesdeperpignan.com\/wp-content\/uploads\/2023\/11\/logement-camping-les-cottages-interieur-1.webp\"><img decoding=\"async\" width=\"1920\" height=\"1280\" data-id=\"1797\" src=\"https:\/\/www.cottagesdeperpignan.com\/wp-content\/uploads\/2023\/11\/logement-camping-les-cottages-interieur-1.webp\" alt=\"unterkunft camping les cottages interieur\" class=\"wp-image-1797\" srcset=\"https:\/\/www.cottagesdeperpignan.com\/wp-content\/uploads\/2023\/11\/logement-camping-les-cottages-interieur-1.webp 1920w, https:\/\/www.cottagesdeperpignan.com\/wp-content\/uploads\/2023\/11\/logement-camping-les-cottages-interieur-1-300x200.webp 300w, https:\/\/www.cottagesdeperpignan.com\/wp-content\/uploads\/2023\/11\/logement-camping-les-cottages-interieur-1-1024x683.webp 1024w, https:\/\/www.cottagesdeperpignan.com\/wp-content\/uploads\/2023\/11\/logement-camping-les-cottages-interieur-1-768x512.webp 768w, https:\/\/www.cottagesdeperpignan.com\/wp-content\/uploads\/2023\/11\/logement-camping-les-cottages-interieur-1-1536x1024.webp 1536w\" sizes=\"(max-width: 1920px) 100vw, 1920px\" \/><\/a><\/figure>\n\n\n\n<figure class=\"wp-block-image size-full\"><a href=\"https:\/\/www.cottagesdeperpignan.com\/wp-content\/uploads\/2023\/11\/train-animation-perpignan.webp\"><img decoding=\"async\" width=\"1920\" height=\"1280\" data-id=\"1406\" src=\"https:\/\/www.cottagesdeperpignan.com\/wp-content\/uploads\/2023\/11\/train-animation-perpignan.webp\" alt=\"zug animation perpignan\" class=\"wp-image-1406\" srcset=\"https:\/\/www.cottagesdeperpignan.com\/wp-content\/uploads\/2023\/11\/train-animation-perpignan.webp 1920w, https:\/\/www.cottagesdeperpignan.com\/wp-content\/uploads\/2023\/11\/train-animation-perpignan-300x200.webp 300w, https:\/\/www.cottagesdeperpignan.com\/wp-content\/uploads\/2023\/11\/train-animation-perpignan-1024x683.webp 1024w, https:\/\/www.cottagesdeperpignan.com\/wp-content\/uploads\/2023\/11\/train-animation-perpignan-768x512.webp 768w, https:\/\/www.cottagesdeperpignan.com\/wp-content\/uploads\/2023\/11\/train-animation-perpignan-1536x1024.webp 1536w\" sizes=\"(max-width: 1920px) 100vw, 1920px\" \/><\/a><\/figure>\n<\/figure>\n<\/div>\n<\/div>\n\n\r\n    <\/div>\r\n<\/section><section id=\"ls-section-block_09bf7b55073909a65bb09e41ebfdbad5\" class=\"ls-section  page-maillage\" >\r\n        <div class=\"container container--wide\">\r\n        \n\n<div id=\"ls-heading ls-titre-div-block_8c16d4d00749708e212150c67d86df57\" class=\"ls-titre-div deco h2-like\" >\n    <strong>Entdecken Sie besondere Veranstaltungen, <\/strong> <\/br>den Wasserbereich und unsere Unterk\u00fcnfte!<\/div>\n\n\n<div id=\"ls-maillage-block_21a22fbc2f98de88f372dd78a39ea0ee\" class=\"ls-maillage cta-style-normal\" data-rows=\"3\">\n    <div class=\"wp-block-columns\"><div class=\"wp-block-column\"><div class=\"ls-cta \">\n\n<a href=\"https:\/\/www.cottagesdeperpignan.com\/de\/evenement-for-privatpersonen\/\" target=\"\" rel=\"noopener\" class=\"ls-cta__link\">\n\n\t<div class=\"ls-cta__image\"><img decoding=\"async\" src=\"https:\/\/www.cottagesdeperpignan.com\/wp-content\/uploads\/2023\/11\/louer-salle-mariage-pyrenees-orientales.webp\" alt=\"mieten hochzeitssaal pyrenees orientales\"><\/div>\n\t<div class=\"ls-cta__title\">\n\t\tBesondere Anl\u00e4sse\t<\/div>\n\n\t<div class=\"ls-button ls-button--cta\"><span>Entdecken Sie<\/span><i class='lagon-fleche-vers-le-haut'><\/i><\/div>\n\n\t<pre>NULL\n<\/pre>\n\t\t\n<\/a>\n\n\n<\/div><\/div><div class=\"wp-block-column\"><div class=\"ls-cta \">\n\n<a href=\"https:\/\/www.cottagesdeperpignan.com\/de\/unsere-unterkuenfte\/\" target=\"\" rel=\"noopener\" class=\"ls-cta__link\">\n\n\t<div class=\"ls-cta__image\"><img decoding=\"async\" src=\"https:\/\/www.cottagesdeperpignan.com\/wp-content\/uploads\/2023\/11\/location-mobil-home-perpignan.webp\" alt=\"vermietung mobilheim perpignan\"><\/div>\n\t<div class=\"ls-cta__title\">\n\t\tMobilheime\t<\/div>\n\n\t<div class=\"ls-button ls-button--cta\"><span>Entdecken Sie<\/span><i class='lagon-fleche-vers-le-haut'><\/i><\/div>\n\n\t<pre>NULL\n<\/pre>\n\t\t\n<\/a>\n\n\n<\/div><\/div><div class=\"wp-block-column\"><div class=\"ls-cta \">\n\n<a href=\"https:\/\/www.cottagesdeperpignan.com\/de\/camping-schwimmbad-perpignan\/\" target=\"\" rel=\"noopener\" class=\"ls-cta__link\">\n\n\t<div class=\"ls-cta__image\"><img decoding=\"async\" src=\"https:\/\/www.cottagesdeperpignan.com\/wp-content\/uploads\/2023\/11\/camping-cottage-piscine-pyrenees-orientales.webp\" alt=\"camping cottage schwimmbad pyrenees orientales\"><\/div>\n\t<div class=\"ls-cta__title\">\n\t\tDer Pool\t<\/div>\n\n\t<div class=\"ls-button ls-button--cta\"><span>Entdecken Sie<\/span><i class='lagon-fleche-vers-le-haut'><\/i><\/div>\n\n\t<pre>NULL\n<\/pre>\n\t\t\n<\/a>\n\n\n<\/div><\/div><\/div><\/div>\n\r\n    <\/div>\r\n<\/section>","protected":false},"excerpt":{"rendered":"","protected":false},"author":1,"featured_media":3360,"parent":0,"menu_order":0,"comment_status":"closed","ping_status":"closed","template":"","meta":{"_acf_changed":false,"inline_featured_image":false,"footnotes":""},"sujet":[],"class_list":["post-3352","page","type-page","status-publish","has-post-thumbnail","hentry"],"acf":[],"yoast_head":"<!-- This site is optimized with the Yoast SEO plugin v23.4 - https:\/\/yoast.com\/wordpress\/plugins\/seo\/ -->\n<title>Gesch\u00e4ftsevents Perpignan: Organisieren Sie ein Firmenseminar in Perpignan<\/title>\n<meta name=\"robots\" content=\"index, follow, max-snippet:-1, max-image-preview:large, max-video-preview:-1\" \/>\n<link rel=\"canonical\" href=\"https:\/\/www.cottagesdeperpignan.com\/de\/berufliche-veranstaltungen-perpignan\/\" \/>\n<meta property=\"og:locale\" content=\"de_DE\" \/>\n<meta property=\"og:type\" content=\"article\" \/>\n<meta property=\"og:title\" content=\"Gesch\u00e4ftsevents Perpignan: Organisieren Sie ein Firmenseminar in Perpignan\" \/>\n<meta property=\"og:url\" content=\"https:\/\/www.cottagesdeperpignan.com\/de\/berufliche-veranstaltungen-perpignan\/\" \/>\n<meta property=\"og:site_name\" content=\"Les Cottages de Perpignan\" \/>\n<meta property=\"article:modified_time\" content=\"2023-11-29T09:58:29+00:00\" \/>\n<meta property=\"og:image\" content=\"https:\/\/www.cottagesdeperpignan.com\/wp-content\/uploads\/2023\/11\/degustation-camping-vin.webp\" \/>\n\t<meta property=\"og:image:width\" content=\"1920\" \/>\n\t<meta property=\"og:image:height\" content=\"1280\" \/>\n\t<meta property=\"og:image:type\" content=\"image\/webp\" \/>\n<meta name=\"twitter:card\" content=\"summary_large_image\" \/>\n<meta name=\"twitter:label1\" content=\"Gesch\u00e4tzte Lesezeit\" \/>\n\t<meta name=\"twitter:data1\" content=\"2\u00a0Minuten\" \/>\n<script type=\"application\/ld+json\" class=\"yoast-schema-graph\">{\"@context\":\"https:\/\/schema.org\",\"@graph\":[{\"@type\":\"WebPage\",\"@id\":\"https:\/\/www.cottagesdeperpignan.com\/de\/berufliche-veranstaltungen-perpignan\/\",\"url\":\"https:\/\/www.cottagesdeperpignan.com\/de\/berufliche-veranstaltungen-perpignan\/\",\"name\":\"Gesch\u00e4ftsevents Perpignan: Organisieren Sie ein Firmenseminar in Perpignan\",\"isPartOf\":{\"@id\":\"https:\/\/www.cottagesdeperpignan.com\/de\/#website\"},\"primaryImageOfPage\":{\"@id\":\"https:\/\/www.cottagesdeperpignan.com\/de\/berufliche-veranstaltungen-perpignan\/#primaryimage\"},\"image\":{\"@id\":\"https:\/\/www.cottagesdeperpignan.com\/de\/berufliche-veranstaltungen-perpignan\/#primaryimage\"},\"thumbnailUrl\":\"https:\/\/www.cottagesdeperpignan.com\/wp-content\/uploads\/2023\/11\/degustation-camping-vin.webp\",\"datePublished\":\"2023-11-02T12:33:37+00:00\",\"dateModified\":\"2023-11-29T09:58:29+00:00\",\"breadcrumb\":{\"@id\":\"https:\/\/www.cottagesdeperpignan.com\/de\/berufliche-veranstaltungen-perpignan\/#breadcrumb\"},\"inLanguage\":\"de\",\"potentialAction\":[{\"@type\":\"ReadAction\",\"target\":[\"https:\/\/www.cottagesdeperpignan.com\/de\/berufliche-veranstaltungen-perpignan\/\"]}]},{\"@type\":\"ImageObject\",\"inLanguage\":\"de\",\"@id\":\"https:\/\/www.cottagesdeperpignan.com\/de\/berufliche-veranstaltungen-perpignan\/#primaryimage\",\"url\":\"https:\/\/www.cottagesdeperpignan.com\/wp-content\/uploads\/2023\/11\/degustation-camping-vin.webp\",\"contentUrl\":\"https:\/\/www.cottagesdeperpignan.com\/wp-content\/uploads\/2023\/11\/degustation-camping-vin.webp\",\"width\":1920,\"height\":1280,\"caption\":\"degustation camping wein\"},{\"@type\":\"BreadcrumbList\",\"@id\":\"https:\/\/www.cottagesdeperpignan.com\/de\/berufliche-veranstaltungen-perpignan\/#breadcrumb\",\"itemListElement\":[{\"@type\":\"ListItem\",\"position\":1,\"name\":\"Camping Perpignan\",\"item\":\"https:\/\/www.cottagesdeperpignan.com\/de\/\"},{\"@type\":\"ListItem\",\"position\":2,\"name\":\"Berufliche Veranstaltungen Perpignan\"}]},{\"@type\":\"WebSite\",\"@id\":\"https:\/\/www.cottagesdeperpignan.com\/de\/#website\",\"url\":\"https:\/\/www.cottagesdeperpignan.com\/de\/\",\"name\":\"Les Cottages de Perpignan\",\"description\":\"\",\"publisher\":{\"@id\":\"https:\/\/www.cottagesdeperpignan.com\/de\/#organization\"},\"potentialAction\":[{\"@type\":\"SearchAction\",\"target\":{\"@type\":\"EntryPoint\",\"urlTemplate\":\"https:\/\/www.cottagesdeperpignan.com\/de\/?s={search_term_string}\"},\"query-input\":{\"@type\":\"PropertyValueSpecification\",\"valueRequired\":true,\"valueName\":\"search_term_string\"}}],\"inLanguage\":\"de\"},{\"@type\":\"Organization\",\"@id\":\"https:\/\/www.cottagesdeperpignan.com\/de\/#organization\",\"name\":\"Les Cottages de Perpignan\",\"url\":\"https:\/\/www.cottagesdeperpignan.com\/de\/\",\"logo\":{\"@type\":\"ImageObject\",\"inLanguage\":\"de\",\"@id\":\"https:\/\/www.cottagesdeperpignan.com\/de\/#\/schema\/logo\/image\/\",\"url\":\"https:\/\/www.cottagesdeperpignan.com\/wp-content\/uploads\/2023\/11\/logo-cottages-perpignan.png\",\"contentUrl\":\"https:\/\/www.cottagesdeperpignan.com\/wp-content\/uploads\/2023\/11\/logo-cottages-perpignan.png\",\"width\":2560,\"height\":1418,\"caption\":\"Les Cottages de Perpignan\"},\"image\":{\"@id\":\"https:\/\/www.cottagesdeperpignan.com\/de\/#\/schema\/logo\/image\/\"}}]}<\/script>\n<!-- \/ Yoast SEO plugin. -->","yoast_head_json":{"title":"Gesch\u00e4ftsevents Perpignan: Organisieren Sie ein Firmenseminar in Perpignan","robots":{"index":"index","follow":"follow","max-snippet":"max-snippet:-1","max-image-preview":"max-image-preview:large","max-video-preview":"max-video-preview:-1"},"canonical":"https:\/\/www.cottagesdeperpignan.com\/de\/berufliche-veranstaltungen-perpignan\/","og_locale":"de_DE","og_type":"article","og_title":"Gesch\u00e4ftsevents Perpignan: Organisieren Sie ein Firmenseminar in Perpignan","og_url":"https:\/\/www.cottagesdeperpignan.com\/de\/berufliche-veranstaltungen-perpignan\/","og_site_name":"Les Cottages de Perpignan","article_modified_time":"2023-11-29T09:58:29+00:00","og_image":[{"width":1920,"height":1280,"url":"https:\/\/www.cottagesdeperpignan.com\/wp-content\/uploads\/2023\/11\/degustation-camping-vin.webp","type":"image\/webp"}],"twitter_card":"summary_large_image","twitter_misc":{"Gesch\u00e4tzte Lesezeit":"2\u00a0Minuten"},"schema":{"@context":"https:\/\/schema.org","@graph":[{"@type":"WebPage","@id":"https:\/\/www.cottagesdeperpignan.com\/de\/berufliche-veranstaltungen-perpignan\/","url":"https:\/\/www.cottagesdeperpignan.com\/de\/berufliche-veranstaltungen-perpignan\/","name":"Gesch\u00e4ftsevents Perpignan: Organisieren Sie ein Firmenseminar in Perpignan","isPartOf":{"@id":"https:\/\/www.cottagesdeperpignan.com\/de\/#website"},"primaryImageOfPage":{"@id":"https:\/\/www.cottagesdeperpignan.com\/de\/berufliche-veranstaltungen-perpignan\/#primaryimage"},"image":{"@id":"https:\/\/www.cottagesdeperpignan.com\/de\/berufliche-veranstaltungen-perpignan\/#primaryimage"},"thumbnailUrl":"https:\/\/www.cottagesdeperpignan.com\/wp-content\/uploads\/2023\/11\/degustation-camping-vin.webp","datePublished":"2023-11-02T12:33:37+00:00","dateModified":"2023-11-29T09:58:29+00:00","breadcrumb":{"@id":"https:\/\/www.cottagesdeperpignan.com\/de\/berufliche-veranstaltungen-perpignan\/#breadcrumb"},"inLanguage":"de","potentialAction":[{"@type":"ReadAction","target":["https:\/\/www.cottagesdeperpignan.com\/de\/berufliche-veranstaltungen-perpignan\/"]}]},{"@type":"ImageObject","inLanguage":"de","@id":"https:\/\/www.cottagesdeperpignan.com\/de\/berufliche-veranstaltungen-perpignan\/#primaryimage","url":"https:\/\/www.cottagesdeperpignan.com\/wp-content\/uploads\/2023\/11\/degustation-camping-vin.webp","contentUrl":"https:\/\/www.cottagesdeperpignan.com\/wp-content\/uploads\/2023\/11\/degustation-camping-vin.webp","width":1920,"height":1280,"caption":"degustation camping wein"},{"@type":"BreadcrumbList","@id":"https:\/\/www.cottagesdeperpignan.com\/de\/berufliche-veranstaltungen-perpignan\/#breadcrumb","itemListElement":[{"@type":"ListItem","position":1,"name":"Camping Perpignan","item":"https:\/\/www.cottagesdeperpignan.com\/de\/"},{"@type":"ListItem","position":2,"name":"Berufliche Veranstaltungen Perpignan"}]},{"@type":"WebSite","@id":"https:\/\/www.cottagesdeperpignan.com\/de\/#website","url":"https:\/\/www.cottagesdeperpignan.com\/de\/","name":"Les Cottages de Perpignan","description":"","publisher":{"@id":"https:\/\/www.cottagesdeperpignan.com\/de\/#organization"},"potentialAction":[{"@type":"SearchAction","target":{"@type":"EntryPoint","urlTemplate":"https:\/\/www.cottagesdeperpignan.com\/de\/?s={search_term_string}"},"query-input":{"@type":"PropertyValueSpecification","valueRequired":true,"valueName":"search_term_string"}}],"inLanguage":"de"},{"@type":"Organization","@id":"https:\/\/www.cottagesdeperpignan.com\/de\/#organization","name":"Les Cottages de Perpignan","url":"https:\/\/www.cottagesdeperpignan.com\/de\/","logo":{"@type":"ImageObject","inLanguage":"de","@id":"https:\/\/www.cottagesdeperpignan.com\/de\/#\/schema\/logo\/image\/","url":"https:\/\/www.cottagesdeperpignan.com\/wp-content\/uploads\/2023\/11\/logo-cottages-perpignan.png","contentUrl":"https:\/\/www.cottagesdeperpignan.com\/wp-content\/uploads\/2023\/11\/logo-cottages-perpignan.png","width":2560,"height":1418,"caption":"Les Cottages de Perpignan"},"image":{"@id":"https:\/\/www.cottagesdeperpignan.com\/de\/#\/schema\/logo\/image\/"}}]}},"_links":{"self":[{"href":"https:\/\/www.cottagesdeperpignan.com\/de\/wp-json\/wp\/v2\/pages\/3352","targetHints":{"allow":["GET"]}}],"collection":[{"href":"https:\/\/www.cottagesdeperpignan.com\/de\/wp-json\/wp\/v2\/pages"}],"about":[{"href":"https:\/\/www.cottagesdeperpignan.com\/de\/wp-json\/wp\/v2\/types\/page"}],"author":[{"embeddable":true,"href":"https:\/\/www.cottagesdeperpignan.com\/de\/wp-json\/wp\/v2\/users\/1"}],"replies":[{"embeddable":true,"href":"https:\/\/www.cottagesdeperpignan.com\/de\/wp-json\/wp\/v2\/comments?post=3352"}],"version-history":[{"count":5,"href":"https:\/\/www.cottagesdeperpignan.com\/de\/wp-json\/wp\/v2\/pages\/3352\/revisions"}],"predecessor-version":[{"id":4368,"href":"https:\/\/www.cottagesdeperpignan.com\/de\/wp-json\/wp\/v2\/pages\/3352\/revisions\/4368"}],"wp:featuredmedia":[{"embeddable":true,"href":"https:\/\/www.cottagesdeperpignan.com\/de\/wp-json\/wp\/v2\/media\/3360"}],"wp:attachment":[{"href":"https:\/\/www.cottagesdeperpignan.com\/de\/wp-json\/wp\/v2\/media?parent=3352"}],"wp:term":[{"taxonomy":"sujet","embeddable":true,"href":"https:\/\/www.cottagesdeperpignan.com\/de\/wp-json\/wp\/v2\/sujet?post=3352"}],"curies":[{"name":"wp","href":"https:\/\/api.w.org\/{rel}","templated":true}]}}