{"id":5370,"date":"2024-01-22T15:05:41","date_gmt":"2024-01-22T14:05:41","guid":{"rendered":"https:\/\/www.cottagesdeperpignan.com\/vermietung-monat-perpignan\/"},"modified":"2024-01-30T12:23:08","modified_gmt":"2024-01-30T11:23:08","slug":"vermietung-monat-perpignan","status":"publish","type":"page","link":"https:\/\/www.cottagesdeperpignan.com\/de\/vermietung-monat-perpignan\/","title":{"rendered":"Monatliche Miete"},"content":{"rendered":"<section id=\"ls-section-block_d1754f5230db5516f073529ac6425eee\" class=\"ls-section  page-intro\" >\r\n        <div class=\"container \">\r\n        \n\n<div class=\"wp-block-columns is-layout-flex wp-container-core-columns-is-layout-9d6595d7 wp-block-columns-is-layout-flex\">\n<div class=\"wp-block-column is-layout-flow wp-block-column-is-layout-flow\">\n<h1 class=\"ls__heading wp-block-heading has-text-align-center\">Monatliche Anmietungen in Perpignan<\/h1>\n\n\n\n<div id=\"ls-heading ls-titre-div-block_694d3afdf4cc4c28674cc7d81b4714e9\" class=\"ls-titre-div aligncenter h2-like has-text-color has-color-3-color\" >\n    Brauchen Sie eine schl\u00fcsselfertige L\u00f6sung, die flexibel, sofort und ohne Kopfzerbrechen einsetzbar ist?<\/div>\n\n\n\n<p class=\"ls-paragraph has-text-align-center\">Sie sind auf der Suche nach einer Monatsmiete in Perpignan (Okzitanien), haben aber Schwierigkeiten, eine Unterkunft zu finden? Entdecken Sie das attraktive und mit m\u00f6glichst wenigen Einschr\u00e4nkungen verbundene Angebot unseres <a href=\"https:\/\/www.cottagesdeperpignan.com\/de\/\">Campingplatzes in Perpignan Les Cottages de Perpignan<\/a>!<a href=\"https:\/\/www.cottagesdeperpignan.com\/de\/unterkunfte\/miet-auf-monat-formel-suite\/#primary\" target=\"_blank\" rel=\"noreferrer noopener\"><\/a><br\/><\/p>\n<\/div>\n<\/div>\n\n\r\n    <\/div>\r\n<\/section><section id=\"ls-section-block_cacd175fde4cc9b769678ff230851241\" class=\"ls-section  widget has-p-t p-t-0\" >\r\n        <div class=\"container container--wide\">\r\n        \n\n<h2 class=\"ls__heading wp-block-heading has-text-align-center\">2 Formeln zur Auswahl :  <\/h2>\n\n\n<div id=\"slider\" class=\"ls-maillage cta-style-normal\" data-rows=\"3\">\n    <div class=\"wp-block-columns\"><div class=\"wp-block-column\"><div class=\"ls-cta hebergements premium\">\n\n<a href=\"https:\/\/www.cottagesdeperpignan.com\/de\/unterkunfte\/miet-auf-monat-formel-suite\/\" target=\"\" rel=\"noopener\" class=\"ls-cta__link\">\n\n\t<div class=\"ls-cta__image\"><img decoding=\"async\" src=\"https:\/\/www.cottagesdeperpignan.com\/wp-content\/uploads\/2024\/01\/1-1174851-scaled.jpg\" alt=\"\"><\/div>\n\t<div class=\"ls-cta__title\">\n\t\tSuite-Formel pro Monat\t<\/div>\n\n\t<div class=\"ls-button ls-button--cta\"><span>Entdecken Sie<\/span><i class='lagon-fleche-vers-le-haut'><\/i><\/div>\n\n\t\t\t<div class=\"ls-cta__description\">\n\t\t\t<div class=\"h3-like\" style=\"text-align: center;\">1 Schlafzimmer + Wohnzimmer und \u00fcberaus ausgestattete K\u00fcche<\/div>\n<ul>\n<li style=\"text-align: left;\">28 m2 gro\u00dfe, m\u00f6blierte und \u00fcberaus ausgestattete Unterkunft<\/li>\n<li style=\"text-align: left;\">1 Schlafzimmer mit Doppelbett<br>\n<span style=\"font-size: 0.8rem;\">  (Bettw\u00e4sche gegen Aufpreis)<\/span><\/li>\n<li style=\"text-align: left;\">1 Badezimmer mit WC<br>\n<span style=\"font-size: 0.8rem;\">  (Handt\u00fccher gegen Aufpreis)<\/span><\/li>\n<li style=\"text-align: left;\">2 angeschlossene Fernseher<\/li>\n<li style=\"text-align: left;\">Kostenloses Highspeed-WIFI<\/li>\n<li style=\"text-align: left;\">B\u00fcrobereich mit Ethernet-Anschluss<\/li>\n<li style=\"text-align: left;\">Umkehrbare Klimaanlage<\/li>\n<li style=\"text-align: left;\">Zahlreiche Ablagef\u00e4cher<\/li>\n<li style=\"text-align: left;\">Gro\u00dfer Wohnraum<\/li>\n<li style=\"text-align: left;\">Voll ausgestattete K\u00fcche<\/li>\n<li style=\"text-align: left;\">Umwandelbares Sofa<br>\n<span style=\"font-size: 0.8rem;\">  (f\u00fcr 2 Kinder)<\/span><\/li>\n<li style=\"text-align: left;\">Zugewiesener Parkplatz<\/li>\n<\/ul>\n\t\t\n\t\t<\/div>\n\t<pre>NULL\n<\/pre>\n\t\t\n<\/a>\n\n\n<\/div><\/div><div class=\"wp-block-column\"><div class=\"ls-cta hebergements insolites animated fadeIn slow\">\n\n<a href=\"https:\/\/www.cottagesdeperpignan.com\/de\/unterkunfte\/miet-auf-monat-formel-kottage\/\" target=\"\" rel=\"noopener\" class=\"ls-cta__link\">\n\n\t<div class=\"ls-cta__image\"><img decoding=\"async\" src=\"https:\/\/www.cottagesdeperpignan.com\/wp-content\/uploads\/2023\/11\/0-1037090-scaled.jpg\" alt=\"terrasse camping billig\"><\/div>\n\t<div class=\"ls-cta__title\">\n\t\tCottage-Formel pro Monat\t<\/div>\n\n\t<div class=\"ls-button ls-button--cta\"><span>Entdecken Sie<\/span><i class='lagon-fleche-vers-le-haut'><\/i><\/div>\n\n\t\t\t<div class=\"ls-cta__description\">\n\t\t\t<div class=\"h3-like\" style=\"text-align: center;\">2 chambres + salon et cuisine sur\u00e9quip\u00e9e<\/div>\n<ul>\n<li style=\"text-align: left;\">Logement de 40 m2 meubl\u00e9 et sur\u00e9quip\u00e9<\/li>\n<li style=\"text-align: left;\">2 chambres avec lit double<br \/>\n<span style=\"font-size: 0.8rem;\">\u00a0\u00a0\u00a0\u00a0\u00a0(draps en suppl\u00e9ment)<\/span><\/li>\n<li style=\"text-align: left;\">2 Salle d&#8217;eau avec WC<br \/>\n<span style=\"font-size: 0.8rem;\">\u00a0\u00a0\u00a0\u00a0\u00a0(serviettes en suppl\u00e9ment)<\/span><\/li>\n<li style=\"text-align: left;\">3 TV connect\u00e9es<\/li>\n<li style=\"text-align: left;\">WIFI haut d\u00e9bit gratuit<\/li>\n<li style=\"text-align: left;\">2 Espaces bureau avec prise Ethernet<\/li>\n<li style=\"text-align: left;\">2 Climatisations r\u00e9versibles<\/li>\n<li style=\"text-align: left;\">Nombreux rangements<\/li>\n<li style=\"text-align: left;\">Grande pi\u00e8ce \u00e0 vivre<\/li>\n<li style=\"text-align: left;\">Cuisine toute \u00e9quip\u00e9e<\/li>\n<li style=\"text-align: left;\">Canap\u00e9 convertible<br \/>\n<span style=\"font-size: 0.8rem;\">\u00a0\u00a0\u00a0\u00a0\u00a0(pour 2 enfants)<\/span><\/li>\n<li style=\"text-align: left;\">2 Places de parking attitr\u00e9es<\/li>\n<li style=\"text-align: left;\"><strong>Id\u00e9al famille ou colocation \u00e9tudiante<\/strong><\/li>\n<\/ul>\n\t\t\n\t\t<\/div>\n\t<pre>NULL\n<\/pre>\n\t\t\n<\/a>\n\n\n<\/div><\/div><\/div><\/div>\n\r\n    <\/div>\r\n<\/section><section id=\"mizzy\" class=\"ls-section  page-one has-background has-color-6-background-color\" >\r\n        <div class=\"container container--wide\">\r\n        \n\n<div class=\"wp-block-columns is-layout-flex wp-container-core-columns-is-layout-9d6595d7 wp-block-columns-is-layout-flex\">\n<div class=\"wp-block-column is-vertically-aligned-center first is-layout-flow wp-block-column-is-layout-flow\" style=\"flex-basis:66.66%\">\n<figure class=\"wp-block-gallery has-nested-images columns-default is-cropped gallery-slider wp-block-gallery-1 is-layout-flex wp-block-gallery-is-layout-flex\">\n<figure class=\"wp-block-image size-full\"><a href=\"https:\/\/www.cottagesdeperpignan.com\/wp-content\/uploads\/2023\/11\/louer-mobil-home-perpignan.webp\"><img decoding=\"async\" width=\"1920\" height=\"1280\" data-id=\"920\" src=\"https:\/\/www.cottagesdeperpignan.com\/wp-content\/uploads\/2023\/11\/louer-mobil-home-perpignan.webp\" alt=\"mieten mobilheim perpignan\" class=\"wp-image-920\" srcset=\"https:\/\/www.cottagesdeperpignan.com\/wp-content\/uploads\/2023\/11\/louer-mobil-home-perpignan.webp 1920w, https:\/\/www.cottagesdeperpignan.com\/wp-content\/uploads\/2023\/11\/louer-mobil-home-perpignan-300x200.webp 300w, https:\/\/www.cottagesdeperpignan.com\/wp-content\/uploads\/2023\/11\/louer-mobil-home-perpignan-1024x683.webp 1024w, https:\/\/www.cottagesdeperpignan.com\/wp-content\/uploads\/2023\/11\/louer-mobil-home-perpignan-768x512.webp 768w, https:\/\/www.cottagesdeperpignan.com\/wp-content\/uploads\/2023\/11\/louer-mobil-home-perpignan-1536x1024.webp 1536w\" sizes=\"(max-width: 1920px) 100vw, 1920px\" \/><\/a><\/figure>\n\n\n\n<figure class=\"wp-block-image size-full\"><a href=\"https:\/\/www.cottagesdeperpignan.com\/wp-content\/uploads\/2023\/11\/logement-interieur-1.webp\"><img decoding=\"async\" width=\"1920\" height=\"1280\" data-id=\"1800\" src=\"https:\/\/www.cottagesdeperpignan.com\/wp-content\/uploads\/2023\/11\/logement-interieur-1.webp\" alt=\"Innenwohnung\" class=\"wp-image-1800\" srcset=\"https:\/\/www.cottagesdeperpignan.com\/wp-content\/uploads\/2023\/11\/logement-interieur-1.webp 1920w, https:\/\/www.cottagesdeperpignan.com\/wp-content\/uploads\/2023\/11\/logement-interieur-1-300x200.webp 300w, https:\/\/www.cottagesdeperpignan.com\/wp-content\/uploads\/2023\/11\/logement-interieur-1-1024x683.webp 1024w, https:\/\/www.cottagesdeperpignan.com\/wp-content\/uploads\/2023\/11\/logement-interieur-1-768x512.webp 768w, https:\/\/www.cottagesdeperpignan.com\/wp-content\/uploads\/2023\/11\/logement-interieur-1-1536x1024.webp 1536w\" sizes=\"(max-width: 1920px) 100vw, 1920px\" \/><\/a><\/figure>\n<\/figure>\n<\/div>\n\n\n\n<div class=\"wp-block-column is-vertically-aligned-center second is-layout-flow wp-block-column-is-layout-flow\" style=\"flex-basis:33.33%\">\n<h2 class=\"ls__heading wp-block-heading deco\">Ein sehr zug\u00e4ngliches Angebot f\u00fcr Monatsmieten in Perpignan<\/h2>\n\n\n\n<p class=\"ls-paragraph\">Das Angebot unseres Campingplatzes Les Cottages de Perpignan an <strong>Monatsmieten<\/strong> in Perpignan garantiert Ihnen einen Aufenthalt mit allem Komfort in einer \u00e4u\u00dferst angenehmen Umgebung und <strong>mit einem Minimum an Einschr\u00e4nkungen<\/strong>:<\/p>\n\n\n\n<ul class=\"ls-list wp-block-list\">\n<li>Monatliche Vermietung das ganze Jahr \u00fcber m\u00f6glich (au\u00dfer Juli \/ August)<\/li>\n\n\n\n<li>28 N\u00e4chte Mindestmietdauer<\/li>\n\n\n\n<li>Keine zeitliche Begrenzung<\/li>\n\n\n\n<li>Kein B\u00fcrge gefordert<\/li>\n\n\n\n<li>Mieten ohne finanzielle Bedingungen<\/li>\n\n\n\n<li>Keine vorzeitigen Mietzahlungen<\/li>\n\n\n\n<li>Anspruchsberechtigung auf APL m\u00f6glich<\/li>\n\n\n\n<li>Wasser, Gas, Internet und Versicherung im Preis inbegriffen, Strom extra.<\/li>\n<\/ul>\n<\/div>\n<\/div>\n\n\r\n    <\/div>\r\n<\/section><section id=\"ls-section-block_256044ca1b08fecdd2d21d793ddb2409\" class=\"ls-section  page-one\" >\r\n        <div class=\"container container--wide\">\r\n        \n\n<div class=\"wp-block-columns page-one is-layout-flex wp-container-core-columns-is-layout-9d6595d7 wp-block-columns-is-layout-flex\">\n<div class=\"wp-block-column is-vertically-aligned-center second is-layout-flow wp-block-column-is-layout-flow\" style=\"flex-basis:33.33%\">\n<h2 class=\"ls__heading wp-block-heading deco\">Warum sollte man eine monatsweise Vermietung in der N\u00e4he von Perpignan buchen?<\/h2>\n\n\n\n<p class=\"ls-paragraph\">Es gibt mehrere Gr\u00fcnde, die dazu f\u00fchren k\u00f6nnen, dass man<strong> eine Wohnung monatsweise mieten<\/strong> muss:  <\/p>\n\n\n\n<ul class=\"ls-list wp-block-list\">\n<li><strong>Telearbeit<\/strong>: Arbeiten Sie im Home Office? Der Vorteil von Telearbeit ist, dass Sie von jedem beliebigen Ort aus arbeiten k\u00f6nnen. Einen Monat lang auf einem Campingplatz Telearbeit zu leisten, erm\u00f6glicht es Ihnen, die Umgebung zu wechseln und eine Region zu besuchen, w\u00e4hrend Sie weiterhin arbeiten.<\/li>\n\n\n\n<li><strong>Eine \u00dcbergangs<\/strong> zeit: Sie befinden sich in einer \u00dcbergangszeit (zuk\u00fcnftige Wohnung noch nicht verf\u00fcgbar, Kauf einer Wohnung im Gange, Renovierungsarbeiten in Ihrer Wohnung&#8230;) und ben\u00f6tigen eine vor\u00fcbergehende Wohnung f\u00fcr einen Monat oder l\u00e4nger? Denken Sie an die <strong>monatliche Miete auf unserem Campingplatz in Perpignan<\/strong>!  <\/li>\n<\/ul>\n<\/div>\n\n\n\n<div class=\"wp-block-column first is-layout-flow wp-block-column-is-layout-flow\" style=\"flex-basis:66.66%\">\n<figure class=\"wp-block-gallery has-nested-images columns-default is-cropped gallery-slider wp-block-gallery-2 is-layout-flex wp-block-gallery-is-layout-flex\">\n<figure class=\"wp-block-image size-full\"><a href=\"https:\/\/www.cottagesdeperpignan.com\/wp-content\/uploads\/2023\/11\/logement-interieur-les-cottages-camping.webp\"><img decoding=\"async\" width=\"1920\" height=\"1280\" data-id=\"1812\" src=\"https:\/\/www.cottagesdeperpignan.com\/wp-content\/uploads\/2023\/11\/logement-interieur-les-cottages-camping.webp\" alt=\"innenunterkunft die cottages camping\" class=\"wp-image-1812\" srcset=\"https:\/\/www.cottagesdeperpignan.com\/wp-content\/uploads\/2023\/11\/logement-interieur-les-cottages-camping.webp 1920w, https:\/\/www.cottagesdeperpignan.com\/wp-content\/uploads\/2023\/11\/logement-interieur-les-cottages-camping-300x200.webp 300w, https:\/\/www.cottagesdeperpignan.com\/wp-content\/uploads\/2023\/11\/logement-interieur-les-cottages-camping-1024x683.webp 1024w, https:\/\/www.cottagesdeperpignan.com\/wp-content\/uploads\/2023\/11\/logement-interieur-les-cottages-camping-768x512.webp 768w, https:\/\/www.cottagesdeperpignan.com\/wp-content\/uploads\/2023\/11\/logement-interieur-les-cottages-camping-1536x1024.webp 1536w\" sizes=\"(max-width: 1920px) 100vw, 1920px\" \/><\/a><\/figure>\n\n\n\n<figure class=\"wp-block-image size-full\"><a href=\"https:\/\/www.cottagesdeperpignan.com\/wp-content\/uploads\/2023\/11\/2-1037080-scaled.jpg\"><img decoding=\"async\" width=\"2560\" height=\"1704\" data-id=\"240\" src=\"https:\/\/www.cottagesdeperpignan.com\/wp-content\/uploads\/2023\/11\/2-1037080-scaled.jpg\" alt=\"Badezimmer\" class=\"wp-image-240\" srcset=\"https:\/\/www.cottagesdeperpignan.com\/wp-content\/uploads\/2023\/11\/2-1037080-scaled.jpg 2560w, https:\/\/www.cottagesdeperpignan.com\/wp-content\/uploads\/2023\/11\/2-1037080-300x200.jpg 300w, https:\/\/www.cottagesdeperpignan.com\/wp-content\/uploads\/2023\/11\/2-1037080-1024x682.jpg 1024w, https:\/\/www.cottagesdeperpignan.com\/wp-content\/uploads\/2023\/11\/2-1037080-768x511.jpg 768w, https:\/\/www.cottagesdeperpignan.com\/wp-content\/uploads\/2023\/11\/2-1037080-1536x1022.jpg 1536w, https:\/\/www.cottagesdeperpignan.com\/wp-content\/uploads\/2023\/11\/2-1037080-2048x1363.jpg 2048w\" sizes=\"(max-width: 2560px) 100vw, 2560px\" \/><\/a><\/figure>\n\n\n\n<figure class=\"wp-block-image size-full\"><a href=\"https:\/\/www.cottagesdeperpignan.com\/wp-content\/uploads\/2023\/11\/location-les-cottages-camping.webp\"><img decoding=\"async\" width=\"1920\" height=\"1280\" data-id=\"1714\" src=\"https:\/\/www.cottagesdeperpignan.com\/wp-content\/uploads\/2023\/11\/location-les-cottages-camping.webp\" alt=\"vermietung les cottages camping\" class=\"wp-image-1714\" srcset=\"https:\/\/www.cottagesdeperpignan.com\/wp-content\/uploads\/2023\/11\/location-les-cottages-camping.webp 1920w, https:\/\/www.cottagesdeperpignan.com\/wp-content\/uploads\/2023\/11\/location-les-cottages-camping-300x200.webp 300w, https:\/\/www.cottagesdeperpignan.com\/wp-content\/uploads\/2023\/11\/location-les-cottages-camping-1024x683.webp 1024w, https:\/\/www.cottagesdeperpignan.com\/wp-content\/uploads\/2023\/11\/location-les-cottages-camping-768x512.webp 768w, https:\/\/www.cottagesdeperpignan.com\/wp-content\/uploads\/2023\/11\/location-les-cottages-camping-1536x1024.webp 1536w\" sizes=\"(max-width: 1920px) 100vw, 1920px\" \/><\/a><\/figure>\n\n\n\n<figure class=\"wp-block-image size-full\"><a href=\"https:\/\/www.cottagesdeperpignan.com\/wp-content\/uploads\/2023\/11\/chambre-hebergement-perpignan.webp\"><img decoding=\"async\" width=\"1920\" height=\"1280\" data-id=\"1658\" src=\"https:\/\/www.cottagesdeperpignan.com\/wp-content\/uploads\/2023\/11\/chambre-hebergement-perpignan.webp\" alt=\"zimmer unterkunft perpignan\" class=\"wp-image-1658\" srcset=\"https:\/\/www.cottagesdeperpignan.com\/wp-content\/uploads\/2023\/11\/chambre-hebergement-perpignan.webp 1920w, https:\/\/www.cottagesdeperpignan.com\/wp-content\/uploads\/2023\/11\/chambre-hebergement-perpignan-300x200.webp 300w, https:\/\/www.cottagesdeperpignan.com\/wp-content\/uploads\/2023\/11\/chambre-hebergement-perpignan-1024x683.webp 1024w, https:\/\/www.cottagesdeperpignan.com\/wp-content\/uploads\/2023\/11\/chambre-hebergement-perpignan-768x512.webp 768w, https:\/\/www.cottagesdeperpignan.com\/wp-content\/uploads\/2023\/11\/chambre-hebergement-perpignan-1536x1024.webp 1536w\" sizes=\"(max-width: 1920px) 100vw, 1920px\" \/><\/a><\/figure>\n<\/figure>\n<\/div>\n<\/div>\n\n\r\n    <\/div>\r\n<\/section><section id=\"mizzy\" class=\"ls-section  page-one\" >\r\n        <div class=\"container container--wide\">\r\n        \n\n<div class=\"wp-block-columns is-layout-flex wp-container-core-columns-is-layout-9d6595d7 wp-block-columns-is-layout-flex\">\n<div class=\"wp-block-column first is-layout-flow wp-block-column-is-layout-flow\" style=\"flex-basis:66.66%\">\n<figure class=\"wp-block-gallery has-nested-images columns-default is-cropped gallery-slider wp-block-gallery-3 is-layout-flex wp-block-gallery-is-layout-flex\">\n<figure class=\"wp-block-image size-large\"><a href=\"https:\/\/www.cottagesdeperpignan.com\/wp-content\/uploads\/2023\/11\/5-1037069-scaled.jpg\"><img decoding=\"async\" width=\"1024\" height=\"682\" data-id=\"261\" src=\"https:\/\/www.cottagesdeperpignan.com\/wp-content\/uploads\/2023\/11\/5-1037069-1024x682.jpg\" alt=\"Zimmer Doppelbett\" class=\"wp-image-261\" srcset=\"https:\/\/www.cottagesdeperpignan.com\/wp-content\/uploads\/2023\/11\/5-1037069-1024x682.jpg 1024w, https:\/\/www.cottagesdeperpignan.com\/wp-content\/uploads\/2023\/11\/5-1037069-300x200.jpg 300w, https:\/\/www.cottagesdeperpignan.com\/wp-content\/uploads\/2023\/11\/5-1037069-768x511.jpg 768w, https:\/\/www.cottagesdeperpignan.com\/wp-content\/uploads\/2023\/11\/5-1037069-1536x1022.jpg 1536w, https:\/\/www.cottagesdeperpignan.com\/wp-content\/uploads\/2023\/11\/5-1037069-2048x1363.jpg 2048w\" sizes=\"(max-width: 1024px) 100vw, 1024px\" \/><\/a><\/figure>\n\n\n\n<figure class=\"wp-block-image size-full\"><a href=\"https:\/\/www.cottagesdeperpignan.com\/wp-content\/uploads\/2023\/11\/sejour-mobil-home-perpignan-scaled.jpg\"><img decoding=\"async\" width=\"2560\" height=\"1706\" data-id=\"1662\" src=\"https:\/\/www.cottagesdeperpignan.com\/wp-content\/uploads\/2023\/11\/sejour-mobil-home-perpignan-scaled.jpg\" alt=\"aufenthalt mobilheim perpignan\" class=\"wp-image-1662\" srcset=\"https:\/\/www.cottagesdeperpignan.com\/wp-content\/uploads\/2023\/11\/sejour-mobil-home-perpignan-scaled.jpg 2560w, https:\/\/www.cottagesdeperpignan.com\/wp-content\/uploads\/2023\/11\/sejour-mobil-home-perpignan-300x200.jpg 300w, https:\/\/www.cottagesdeperpignan.com\/wp-content\/uploads\/2023\/11\/sejour-mobil-home-perpignan-1024x682.jpg 1024w, https:\/\/www.cottagesdeperpignan.com\/wp-content\/uploads\/2023\/11\/sejour-mobil-home-perpignan-768x512.jpg 768w, https:\/\/www.cottagesdeperpignan.com\/wp-content\/uploads\/2023\/11\/sejour-mobil-home-perpignan-1536x1024.jpg 1536w, https:\/\/www.cottagesdeperpignan.com\/wp-content\/uploads\/2023\/11\/sejour-mobil-home-perpignan-2048x1365.jpg 2048w\" sizes=\"(max-width: 2560px) 100vw, 2560px\" \/><\/a><\/figure>\n<\/figure>\n<\/div>\n\n\n\n<div class=\"wp-block-column is-vertically-aligned-center second is-layout-flow wp-block-column-is-layout-flow\" style=\"flex-basis:33.33%\">\n<ul class=\"ls-list wp-block-list\">\n<li><strong>Ein l\u00e4ngerer <\/strong> Urlaub: Sie haben sich entschieden, einen Monat lang in den Urlaub zu fahren? Die monatliche Miete auf unserem Campingplatz Les Cottages in Perpignan ist die ideale L\u00f6sung f\u00fcr Sie!<\/li>\n\n\n\n<li><strong>Ein Studenten-<\/strong> <strong>oder Saisonstatus <\/strong>: Sie sind ein Saisonarbeiter auf der Suche nach einer m\u00f6blierten \u00dcbergangswohnung f\u00fcr den Sommer oder ein Student auf der Suche nach einer Wohnung f\u00fcr die Dauer Ihres Praktikums? Unser <a href=\"https:\/\/www.cottagesdeperpignan.com\/de\/camping-schwimmbad-perpignan\/\">Campingplatz mit Schwimmbad in Perpignan<\/a> bietet Ihnen eine erschwingliche und praktische Monatsmiete.<\/li>\n\n\n\n<li><strong>Ein Rentnerstatus <\/strong>: Sie sind im Ruhestand und verbringen gerne einen Monat in einer Region und einen Monat in einer anderen? Das Angebot der <strong>monatlichen Miete auf unserem Campingplatz in Perpignan<\/strong> im Departement Pyr\u00e9n\u00e9es-Orientales passt total zu Ihnen!  <\/li>\n<\/ul>\n<\/div>\n<\/div>\n\n\r\n    <\/div>\r\n<\/section><section id=\"ls-section-block_3d5ba401dff27fb1d78274b9ff6c30f6\" class=\"ls-section  has-background has-color-6-background-color has-p-t p-t-12 has-p-b p-b-12\" >\r\n        <div class=\"container container--wide\">\r\n        \n\n<div class=\"wp-block-columns page-two is-layout-flex wp-container-core-columns-is-layout-9d6595d7 wp-block-columns-is-layout-flex\">\n<div class=\"wp-block-column is-layout-flow wp-block-column-is-layout-flow\">\n<h2 class=\"ls__heading wp-block-heading has-text-align-center deco-top-center m-b-0\">Zwei Formeln f\u00fcr die monatliche Miete in Perpignan<\/h2>\n<\/div>\n<\/div>\n\n\n\n<div class=\"wp-block-columns is-layout-flex wp-container-core-columns-is-layout-9d6595d7 wp-block-columns-is-layout-flex\">\n<div class=\"wp-block-column is-layout-flow wp-block-column-is-layout-flow\">\n<h3 class=\"ls__heading wp-block-heading deco\">Formel Suite<\/h3>\n\n\n\n<ul class=\"ls-list wp-block-list\">\n<li><strong>Die Ausstattung Ihrer m\u00f6blierten Wohnung<\/strong>  Sie wohnen in Perpignan in einer komfortablen Unterkunft mit einem Schlafzimmer, einem Badezimmer, einem B\u00fcrobereich mit Ethernet-Anschluss, 2 Fernsehern, WLAN, Klimaanlage, einer voll ausgestatteten K\u00fcche, einem gro\u00dfen Wohnraum, einer Terrasse und einem Parkplatz.<\/li>\n\n\n\n<li><strong>Preis<\/strong>: 25\u20ac\/Nacht.  <\/li>\n<\/ul>\n<\/div>\n\n\n\n<div class=\"wp-block-column is-layout-flow wp-block-column-is-layout-flow\">\n<h3 class=\"ls__heading wp-block-heading deco\">Cottage-Formel<\/h3>\n\n\n\n<ul class=\"ls-list wp-block-list\">\n<li><strong>Die Ausstattung Ihrer m\u00f6blierten Wohnung<\/strong>: Sie wohnen in einer 40<sup>m2<\/sup> gro\u00dfen Wohnung mit zwei Schlafzimmern und zwei Badezimmern. Sie profitieren von einem Wohnzimmer, einem Schreibtisch, 3 Fernsehern, einer Klimaanlage, viel Stauraum, einer Terrasse mit Grill und einer voll ausgestatteten K\u00fcche. W\u00e4sche und Reinigung kosten extra.<\/li>\n\n\n\n<li><strong>Preis<\/strong>: 35\u20ac\/Nacht.  <\/li>\n\n\n\n<li><strong>Das kleine Plus<\/strong>: Die Gr\u00f6\u00dfe und der Grundriss dieser Wohnung erm\u00f6glichen es, in einer Wohngemeinschaft zu wohnen.<\/li>\n<\/ul>\n<\/div>\n<\/div>\n\n\n\n<p class=\"ls-paragraph\">Sind Sie von unserem Angebot angetan? Sie sollten wissen, dass Sie, falls Sie l\u00e4nger als 28 N\u00e4chte in Ihrer Wohnung im Stadtzentrum von Perpignan bleiben m\u00f6chten, die <strong>M\u00f6glichkeit haben, pro zus\u00e4tzliche Nacht zu mieten<\/strong>.<\/p>\n\n\r\n    <\/div>\r\n<\/section><section id=\"mizzy\" class=\"ls-section  page-one\" >\r\n        <div class=\"container container--wide\">\r\n        \n\n<div class=\"wp-block-columns is-layout-flex wp-container-core-columns-is-layout-9d6595d7 wp-block-columns-is-layout-flex\">\n<div class=\"wp-block-column is-vertically-aligned-center second is-layout-flow wp-block-column-is-layout-flow\" style=\"flex-basis:33.33%\">\n<h2 class=\"ls__heading wp-block-heading has-text-align-left deco\">Ein Aufenthalt in einer der attraktivsten Regionen Frankreichs<\/h2>\n\n\n\n<p class=\"ls-paragraph\">Was auch immer der Grund f\u00fcr Ihren einmonatigen Aufenthalt in unserem Apartment in Perpignan ist, nutzen Sie die Gelegenheit, um <strong>die Sch\u00f6nheiten der \u00f6stlichen Pyren\u00e4en zu entdecken<\/strong>!<\/p>\n\n\n\n<p class=\"ls-paragraph\">Zu den Sehensw\u00fcrdigkeiten rund um die Stadt Perpignan geh\u00f6ren :  <\/p>\n\n\n\n<ul class=\"ls-list wp-block-list\">\n<li>Narbonne ;<\/li>\n\n\n\n<li>Saint-Cyprien ;<\/li>\n\n\n\n<li>Gruissan ;  <\/li>\n\n\n\n<li>Canet-en-Roussillon ;<\/li>\n\n\n\n<li>Port-Barcar\u00e8s ;  <\/li>\n\n\n\n<li>Saint-Hippolyte&#8230;<\/li>\n<\/ul>\n<\/div>\n\n\n\n<div class=\"wp-block-column is-vertically-aligned-center first is-layout-flow wp-block-column-is-layout-flow\" style=\"flex-basis:66.66%\">\n<figure class=\"wp-block-gallery has-nested-images columns-default is-cropped gallery-slider wp-block-gallery-4 is-layout-flex wp-block-gallery-is-layout-flex\">\n<figure class=\"wp-block-image size-full\"><a href=\"https:\/\/www.cottagesdeperpignan.com\/wp-content\/uploads\/2023\/11\/tourisme-perpignan.webp\"><img decoding=\"async\" width=\"1600\" height=\"1066\" data-id=\"2106\" src=\"https:\/\/www.cottagesdeperpignan.com\/wp-content\/uploads\/2023\/11\/tourisme-perpignan.webp\" alt=\"tourismus perpignan\" class=\"wp-image-2106\" srcset=\"https:\/\/www.cottagesdeperpignan.com\/wp-content\/uploads\/2023\/11\/tourisme-perpignan.webp 1600w, https:\/\/www.cottagesdeperpignan.com\/wp-content\/uploads\/2023\/11\/tourisme-perpignan-300x200.webp 300w, https:\/\/www.cottagesdeperpignan.com\/wp-content\/uploads\/2023\/11\/tourisme-perpignan-1024x682.webp 1024w, https:\/\/www.cottagesdeperpignan.com\/wp-content\/uploads\/2023\/11\/tourisme-perpignan-768x512.webp 768w, https:\/\/www.cottagesdeperpignan.com\/wp-content\/uploads\/2023\/11\/tourisme-perpignan-1536x1023.webp 1536w\" sizes=\"(max-width: 1600px) 100vw, 1600px\" \/><\/a><\/figure>\n\n\n\n<figure class=\"wp-block-image size-full\"><a href=\"https:\/\/www.cottagesdeperpignan.com\/wp-content\/uploads\/2023\/11\/camping-cottage-2023_les-cottages-de-perpignan_restaurant-bar_49_0.webp\"><img decoding=\"async\" width=\"1920\" height=\"1280\" data-id=\"618\" src=\"https:\/\/www.cottagesdeperpignan.com\/wp-content\/uploads\/2023\/11\/camping-cottage-2023_les-cottages-de-perpignan_restaurant-bar_49_0.webp\" alt=\"Terrasse Campingplatz Restaurant\" class=\"wp-image-618\" srcset=\"https:\/\/www.cottagesdeperpignan.com\/wp-content\/uploads\/2023\/11\/camping-cottage-2023_les-cottages-de-perpignan_restaurant-bar_49_0.webp 1920w, https:\/\/www.cottagesdeperpignan.com\/wp-content\/uploads\/2023\/11\/camping-cottage-2023_les-cottages-de-perpignan_restaurant-bar_49_0-300x200.webp 300w, https:\/\/www.cottagesdeperpignan.com\/wp-content\/uploads\/2023\/11\/camping-cottage-2023_les-cottages-de-perpignan_restaurant-bar_49_0-1024x683.webp 1024w, https:\/\/www.cottagesdeperpignan.com\/wp-content\/uploads\/2023\/11\/camping-cottage-2023_les-cottages-de-perpignan_restaurant-bar_49_0-768x512.webp 768w, https:\/\/www.cottagesdeperpignan.com\/wp-content\/uploads\/2023\/11\/camping-cottage-2023_les-cottages-de-perpignan_restaurant-bar_49_0-1536x1024.webp 1536w\" sizes=\"(max-width: 1920px) 100vw, 1920px\" \/><\/a><\/figure>\n<\/figure>\n<\/div>\n<\/div>\n\n\r\n    <\/div>\r\n<\/section><section id=\"ls-section-block_478fb062cee887d897393f108b3c254c\" class=\"ls-section  has-background has-color-6-background-color\" >\r\n        <div class=\"container container--wide\">\r\n        \n\n<div class=\"wp-block-columns is-layout-flex wp-container-core-columns-is-layout-9d6595d7 wp-block-columns-is-layout-flex\">\n<div class=\"wp-block-column is-vertically-aligned-center is-layout-flow wp-block-column-is-layout-flow\" style=\"flex-basis:66.66%\">\n<figure class=\"wp-block-image size-full\"><img decoding=\"async\" width=\"1920\" height=\"1280\" src=\"https:\/\/www.cottagesdeperpignan.com\/wp-content\/uploads\/2023\/11\/camping-cottage-2023_les-cottages-de-perpignan_restaurant-bar_29_0.webp\" alt=\"Aperitif Restaurant Les Cottages\" class=\"wp-image-635\" srcset=\"https:\/\/www.cottagesdeperpignan.com\/wp-content\/uploads\/2023\/11\/camping-cottage-2023_les-cottages-de-perpignan_restaurant-bar_29_0.webp 1920w, https:\/\/www.cottagesdeperpignan.com\/wp-content\/uploads\/2023\/11\/camping-cottage-2023_les-cottages-de-perpignan_restaurant-bar_29_0-300x200.webp 300w, https:\/\/www.cottagesdeperpignan.com\/wp-content\/uploads\/2023\/11\/camping-cottage-2023_les-cottages-de-perpignan_restaurant-bar_29_0-1024x683.webp 1024w, https:\/\/www.cottagesdeperpignan.com\/wp-content\/uploads\/2023\/11\/camping-cottage-2023_les-cottages-de-perpignan_restaurant-bar_29_0-768x512.webp 768w, https:\/\/www.cottagesdeperpignan.com\/wp-content\/uploads\/2023\/11\/camping-cottage-2023_les-cottages-de-perpignan_restaurant-bar_29_0-1536x1024.webp 1536w\" sizes=\"(max-width: 1920px) 100vw, 1920px\" \/><\/figure>\n<\/div>\n\n\n\n<div class=\"wp-block-column is-vertically-aligned-center is-layout-flow wp-block-column-is-layout-flow\" style=\"flex-basis:33.33%\">\n<h2 class=\"ls__heading wp-block-heading deco\">Buchen Sie Ihre Monatsmiete auf unserem Campingplatz in Perpignan<\/h2>\n\n\n\n<p class=\"ls-paragraph\">Unser Angebot von  <strong>monatliche Miete im Stadtzentrum von Perpignan<\/strong>  ist ein seltenes Angebot, das perfekt auf die Erwartungen von Personen zugeschnitten ist, die eine Mietwohnung f\u00fcr einen Monat oder l\u00e4nger suchen und mit den Einschr\u00e4nkungen des Mietmarktes konfrontiert sind (B\u00fcrgen, finanzielle Bedingungen, Schwierigkeiten, eine Wohnung f\u00fcr einen oder zwei Monate zu finden&#8230;).<\/p>\n\n\n\n<p class=\"ls-paragraph\">Wenn Sie auf der Suche nach dieser Art von Mietwohnungen sind, warten Sie nicht l\u00e4nger und buchen Sie Ihre Wohnung in Perpignan!  <\/p>\n\n\n\n<p class=\"ls-paragraph\">Sie brauchen mehr Informationen, Details zu den R\u00e4umen und der Ausstattung der Wohnung (Zimmer, Einbauk\u00fcche, Parkplatz&#8230;)? Z\u00f6gern Sie nicht, unser Team zu kontaktieren, das Ihnen alle Ihre Fragen beantworten wird!<\/p>\n<\/div>\n<\/div>\n\n\r\n    <\/div>\r\n<\/section><section id=\"ls-section-block_fc7e8c366b58741dbacb9ccd7f9caef1\" class=\"ls-section  page-maillage\" >\r\n        <div class=\"container container--wide\">\r\n        \n\n<div id=\"ls-heading ls-titre-div-block_feb4e090fc159518ade74038cb0ea113\" class=\"ls-titre-div deco h2-like\" >\n    <strong>Entdecken Sie das Restaurant, <\/strong> <\/br>den Wasserbereich und alle unsere Dienstleistungen!<\/div>\n\n\n<div id=\"ls-maillage-block_12faf91f5e8044fe8907e8991fbc179c\" class=\"ls-maillage cta-style-normal\" data-rows=\"3\">\n    <div class=\"wp-block-columns\"><div class=\"wp-block-column\"><div class=\"ls-cta \">\n\n<a href=\"https:\/\/www.cottagesdeperpignan.com\/de\/camping-schwimmbad-perpignan\/\" target=\"\" rel=\"noopener\" class=\"ls-cta__link\">\n\n\t<div class=\"ls-cta__image\"><img decoding=\"async\" src=\"https:\/\/www.cottagesdeperpignan.com\/wp-content\/uploads\/2023\/11\/camping-cottage-piscine-pyrenees-orientales.webp\" alt=\"camping cottage schwimmbad pyrenees orientales\"><\/div>\n\t<div class=\"ls-cta__title\">\n\t\tDer Pool\t<\/div>\n\n\t<div class=\"ls-button ls-button--cta\"><span>Entdecken Sie<\/span><i class='lagon-fleche-vers-le-haut'><\/i><\/div>\n\n\t<pre>NULL\n<\/pre>\n\t\t\n<\/a>\n\n\n<\/div><\/div><div class=\"wp-block-column\"><div class=\"ls-cta \">\n\n<a href=\"https:\/\/www.cottagesdeperpignan.com\/de\/dienstleistungen-gastronomie\/\" target=\"\" rel=\"noopener\" class=\"ls-cta__link\">\n\n\t<div class=\"ls-cta__image\"><img decoding=\"async\" src=\"https:\/\/www.cottagesdeperpignan.com\/wp-content\/uploads\/2023\/11\/camping-cottage-2023_les-cottages-de-perpignan_restaurant-bar_29_0.webp\" alt=\"Aperitif Restaurant Les Cottages\"><\/div>\n\t<div class=\"ls-cta__title\">\n\t\tVerpflegung\t<\/div>\n\n\t<div class=\"ls-button ls-button--cta\"><span>Entdecken Sie<\/span><i class='lagon-fleche-vers-le-haut'><\/i><\/div>\n\n\t<pre>NULL\n<\/pre>\n\t\t\n<\/a>\n\n\n<\/div><\/div><div class=\"wp-block-column\"><div class=\"ls-cta \">\n\n<a href=\"https:\/\/www.cottagesdeperpignan.com\/de\/nebenleistungen\/\" target=\"\" rel=\"noopener\" class=\"ls-cta__link\">\n\n\t<div class=\"ls-cta__image\"><img decoding=\"async\" src=\"https:\/\/www.cottagesdeperpignan.com\/wp-content\/uploads\/2023\/11\/laverie.webp\" alt=\"W\u00e4scherei\"><\/div>\n\t<div class=\"ls-cta__title\">\n\t\tDienste\t<\/div>\n\n\t<div class=\"ls-button ls-button--cta\"><span>Entdecken Sie<\/span><i class='lagon-fleche-vers-le-haut'><\/i><\/div>\n\n\t<pre>NULL\n<\/pre>\n\t\t\n<\/a>\n\n\n<\/div><\/div><\/div><\/div>\n\r\n    <\/div>\r\n<\/section>","protected":false},"excerpt":{"rendered":"","protected":false},"author":2,"featured_media":0,"parent":0,"menu_order":0,"comment_status":"closed","ping_status":"closed","template":"","meta":{"_acf_changed":false,"inline_featured_image":false,"footnotes":""},"sujet":[],"class_list":["post-5370","page","type-page","status-publish","hentry"],"acf":[],"yoast_head":"<!-- This site is optimized with the Yoast SEO plugin v23.4 - https:\/\/yoast.com\/wordpress\/plugins\/seo\/ -->\n<title>Monatsmiete Perpignan: Monatsmiete in Perpignan ab 25\u20ac pro Nacht ohne Verpflichtung<\/title>\n<meta name=\"description\" content=\"Sie sind auf der Suche nach einer Monatsmiete in Perpignan, haben aber Schwierigkeiten, eine Unterkunft zu finden? Entdecken Sie unser attraktives Angebot ohne Einschr\u00e4nkungen!\" \/>\n<meta name=\"robots\" content=\"index, follow, max-snippet:-1, max-image-preview:large, max-video-preview:-1\" \/>\n<link rel=\"canonical\" href=\"https:\/\/www.cottagesdeperpignan.com\/de\/vermietung-monat-perpignan\/\" \/>\n<meta property=\"og:locale\" content=\"de_DE\" \/>\n<meta property=\"og:type\" content=\"article\" \/>\n<meta property=\"og:title\" content=\"Monatsmiete Perpignan: Monatsmiete in Perpignan ab 25\u20ac pro Nacht ohne Verpflichtung\" \/>\n<meta property=\"og:description\" content=\"Sie sind auf der Suche nach einer Monatsmiete in Perpignan, haben aber Schwierigkeiten, eine Unterkunft zu finden? Entdecken Sie unser attraktives Angebot ohne Einschr\u00e4nkungen!\" \/>\n<meta property=\"og:url\" content=\"https:\/\/www.cottagesdeperpignan.com\/de\/vermietung-monat-perpignan\/\" \/>\n<meta property=\"og:site_name\" content=\"Les Cottages de Perpignan\" \/>\n<meta property=\"article:modified_time\" content=\"2024-01-30T11:23:08+00:00\" \/>\n<meta property=\"og:image\" content=\"https:\/\/www.cottagesdeperpignan.com\/wp-content\/uploads\/2023\/11\/louer-mobil-home-perpignan.webp\" \/>\n<meta name=\"twitter:card\" content=\"summary_large_image\" \/>\n<meta name=\"twitter:label1\" content=\"Gesch\u00e4tzte Lesezeit\" \/>\n\t<meta name=\"twitter:data1\" content=\"4\u00a0Minuten\" \/>\n<script type=\"application\/ld+json\" class=\"yoast-schema-graph\">{\"@context\":\"https:\/\/schema.org\",\"@graph\":[{\"@type\":\"WebPage\",\"@id\":\"https:\/\/www.cottagesdeperpignan.com\/de\/vermietung-monat-perpignan\/\",\"url\":\"https:\/\/www.cottagesdeperpignan.com\/de\/vermietung-monat-perpignan\/\",\"name\":\"Monatsmiete Perpignan: Monatsmiete in Perpignan ab 25\u20ac pro Nacht ohne Verpflichtung\",\"isPartOf\":{\"@id\":\"https:\/\/www.cottagesdeperpignan.com\/de\/#website\"},\"primaryImageOfPage\":{\"@id\":\"https:\/\/www.cottagesdeperpignan.com\/de\/vermietung-monat-perpignan\/#primaryimage\"},\"image\":{\"@id\":\"https:\/\/www.cottagesdeperpignan.com\/de\/vermietung-monat-perpignan\/#primaryimage\"},\"thumbnailUrl\":\"https:\/\/www.cottagesdeperpignan.com\/wp-content\/uploads\/2023\/11\/louer-mobil-home-perpignan.webp\",\"datePublished\":\"2024-01-22T14:05:41+00:00\",\"dateModified\":\"2024-01-30T11:23:08+00:00\",\"description\":\"Sie sind auf der Suche nach einer Monatsmiete in Perpignan, haben aber Schwierigkeiten, eine Unterkunft zu finden? Entdecken Sie unser attraktives Angebot ohne Einschr\u00e4nkungen!\",\"breadcrumb\":{\"@id\":\"https:\/\/www.cottagesdeperpignan.com\/de\/vermietung-monat-perpignan\/#breadcrumb\"},\"inLanguage\":\"de\",\"potentialAction\":[{\"@type\":\"ReadAction\",\"target\":[\"https:\/\/www.cottagesdeperpignan.com\/de\/vermietung-monat-perpignan\/\"]}]},{\"@type\":\"ImageObject\",\"inLanguage\":\"de\",\"@id\":\"https:\/\/www.cottagesdeperpignan.com\/de\/vermietung-monat-perpignan\/#primaryimage\",\"url\":\"https:\/\/www.cottagesdeperpignan.com\/wp-content\/uploads\/2023\/11\/louer-mobil-home-perpignan.webp\",\"contentUrl\":\"https:\/\/www.cottagesdeperpignan.com\/wp-content\/uploads\/2023\/11\/louer-mobil-home-perpignan.webp\"},{\"@type\":\"BreadcrumbList\",\"@id\":\"https:\/\/www.cottagesdeperpignan.com\/de\/vermietung-monat-perpignan\/#breadcrumb\",\"itemListElement\":[{\"@type\":\"ListItem\",\"position\":1,\"name\":\"Camping Perpignan\",\"item\":\"https:\/\/www.cottagesdeperpignan.com\/de\/\"},{\"@type\":\"ListItem\",\"position\":2,\"name\":\"Monatliche Miete\"}]},{\"@type\":\"WebSite\",\"@id\":\"https:\/\/www.cottagesdeperpignan.com\/de\/#website\",\"url\":\"https:\/\/www.cottagesdeperpignan.com\/de\/\",\"name\":\"Les Cottages de Perpignan\",\"description\":\"\",\"publisher\":{\"@id\":\"https:\/\/www.cottagesdeperpignan.com\/de\/#organization\"},\"potentialAction\":[{\"@type\":\"SearchAction\",\"target\":{\"@type\":\"EntryPoint\",\"urlTemplate\":\"https:\/\/www.cottagesdeperpignan.com\/de\/?s={search_term_string}\"},\"query-input\":{\"@type\":\"PropertyValueSpecification\",\"valueRequired\":true,\"valueName\":\"search_term_string\"}}],\"inLanguage\":\"de\"},{\"@type\":\"Organization\",\"@id\":\"https:\/\/www.cottagesdeperpignan.com\/de\/#organization\",\"name\":\"Les Cottages de Perpignan\",\"url\":\"https:\/\/www.cottagesdeperpignan.com\/de\/\",\"logo\":{\"@type\":\"ImageObject\",\"inLanguage\":\"de\",\"@id\":\"https:\/\/www.cottagesdeperpignan.com\/de\/#\/schema\/logo\/image\/\",\"url\":\"https:\/\/www.cottagesdeperpignan.com\/wp-content\/uploads\/2023\/11\/logo-cottages-perpignan.png\",\"contentUrl\":\"https:\/\/www.cottagesdeperpignan.com\/wp-content\/uploads\/2023\/11\/logo-cottages-perpignan.png\",\"width\":2560,\"height\":1418,\"caption\":\"Les Cottages de Perpignan\"},\"image\":{\"@id\":\"https:\/\/www.cottagesdeperpignan.com\/de\/#\/schema\/logo\/image\/\"}}]}<\/script>\n<!-- \/ Yoast SEO plugin. -->","yoast_head_json":{"title":"Monatsmiete Perpignan: Monatsmiete in Perpignan ab 25\u20ac pro Nacht ohne Verpflichtung","description":"Sie sind auf der Suche nach einer Monatsmiete in Perpignan, haben aber Schwierigkeiten, eine Unterkunft zu finden? Entdecken Sie unser attraktives Angebot ohne Einschr\u00e4nkungen!","robots":{"index":"index","follow":"follow","max-snippet":"max-snippet:-1","max-image-preview":"max-image-preview:large","max-video-preview":"max-video-preview:-1"},"canonical":"https:\/\/www.cottagesdeperpignan.com\/de\/vermietung-monat-perpignan\/","og_locale":"de_DE","og_type":"article","og_title":"Monatsmiete Perpignan: Monatsmiete in Perpignan ab 25\u20ac pro Nacht ohne Verpflichtung","og_description":"Sie sind auf der Suche nach einer Monatsmiete in Perpignan, haben aber Schwierigkeiten, eine Unterkunft zu finden? Entdecken Sie unser attraktives Angebot ohne Einschr\u00e4nkungen!","og_url":"https:\/\/www.cottagesdeperpignan.com\/de\/vermietung-monat-perpignan\/","og_site_name":"Les Cottages de Perpignan","article_modified_time":"2024-01-30T11:23:08+00:00","og_image":[{"url":"https:\/\/www.cottagesdeperpignan.com\/wp-content\/uploads\/2023\/11\/louer-mobil-home-perpignan.webp"}],"twitter_card":"summary_large_image","twitter_misc":{"Gesch\u00e4tzte Lesezeit":"4\u00a0Minuten"},"schema":{"@context":"https:\/\/schema.org","@graph":[{"@type":"WebPage","@id":"https:\/\/www.cottagesdeperpignan.com\/de\/vermietung-monat-perpignan\/","url":"https:\/\/www.cottagesdeperpignan.com\/de\/vermietung-monat-perpignan\/","name":"Monatsmiete Perpignan: Monatsmiete in Perpignan ab 25\u20ac pro Nacht ohne Verpflichtung","isPartOf":{"@id":"https:\/\/www.cottagesdeperpignan.com\/de\/#website"},"primaryImageOfPage":{"@id":"https:\/\/www.cottagesdeperpignan.com\/de\/vermietung-monat-perpignan\/#primaryimage"},"image":{"@id":"https:\/\/www.cottagesdeperpignan.com\/de\/vermietung-monat-perpignan\/#primaryimage"},"thumbnailUrl":"https:\/\/www.cottagesdeperpignan.com\/wp-content\/uploads\/2023\/11\/louer-mobil-home-perpignan.webp","datePublished":"2024-01-22T14:05:41+00:00","dateModified":"2024-01-30T11:23:08+00:00","description":"Sie sind auf der Suche nach einer Monatsmiete in Perpignan, haben aber Schwierigkeiten, eine Unterkunft zu finden? Entdecken Sie unser attraktives Angebot ohne Einschr\u00e4nkungen!","breadcrumb":{"@id":"https:\/\/www.cottagesdeperpignan.com\/de\/vermietung-monat-perpignan\/#breadcrumb"},"inLanguage":"de","potentialAction":[{"@type":"ReadAction","target":["https:\/\/www.cottagesdeperpignan.com\/de\/vermietung-monat-perpignan\/"]}]},{"@type":"ImageObject","inLanguage":"de","@id":"https:\/\/www.cottagesdeperpignan.com\/de\/vermietung-monat-perpignan\/#primaryimage","url":"https:\/\/www.cottagesdeperpignan.com\/wp-content\/uploads\/2023\/11\/louer-mobil-home-perpignan.webp","contentUrl":"https:\/\/www.cottagesdeperpignan.com\/wp-content\/uploads\/2023\/11\/louer-mobil-home-perpignan.webp"},{"@type":"BreadcrumbList","@id":"https:\/\/www.cottagesdeperpignan.com\/de\/vermietung-monat-perpignan\/#breadcrumb","itemListElement":[{"@type":"ListItem","position":1,"name":"Camping Perpignan","item":"https:\/\/www.cottagesdeperpignan.com\/de\/"},{"@type":"ListItem","position":2,"name":"Monatliche Miete"}]},{"@type":"WebSite","@id":"https:\/\/www.cottagesdeperpignan.com\/de\/#website","url":"https:\/\/www.cottagesdeperpignan.com\/de\/","name":"Les Cottages de Perpignan","description":"","publisher":{"@id":"https:\/\/www.cottagesdeperpignan.com\/de\/#organization"},"potentialAction":[{"@type":"SearchAction","target":{"@type":"EntryPoint","urlTemplate":"https:\/\/www.cottagesdeperpignan.com\/de\/?s={search_term_string}"},"query-input":{"@type":"PropertyValueSpecification","valueRequired":true,"valueName":"search_term_string"}}],"inLanguage":"de"},{"@type":"Organization","@id":"https:\/\/www.cottagesdeperpignan.com\/de\/#organization","name":"Les Cottages de Perpignan","url":"https:\/\/www.cottagesdeperpignan.com\/de\/","logo":{"@type":"ImageObject","inLanguage":"de","@id":"https:\/\/www.cottagesdeperpignan.com\/de\/#\/schema\/logo\/image\/","url":"https:\/\/www.cottagesdeperpignan.com\/wp-content\/uploads\/2023\/11\/logo-cottages-perpignan.png","contentUrl":"https:\/\/www.cottagesdeperpignan.com\/wp-content\/uploads\/2023\/11\/logo-cottages-perpignan.png","width":2560,"height":1418,"caption":"Les Cottages de Perpignan"},"image":{"@id":"https:\/\/www.cottagesdeperpignan.com\/de\/#\/schema\/logo\/image\/"}}]}},"_links":{"self":[{"href":"https:\/\/www.cottagesdeperpignan.com\/de\/wp-json\/wp\/v2\/pages\/5370","targetHints":{"allow":["GET"]}}],"collection":[{"href":"https:\/\/www.cottagesdeperpignan.com\/de\/wp-json\/wp\/v2\/pages"}],"about":[{"href":"https:\/\/www.cottagesdeperpignan.com\/de\/wp-json\/wp\/v2\/types\/page"}],"author":[{"embeddable":true,"href":"https:\/\/www.cottagesdeperpignan.com\/de\/wp-json\/wp\/v2\/users\/2"}],"replies":[{"embeddable":true,"href":"https:\/\/www.cottagesdeperpignan.com\/de\/wp-json\/wp\/v2\/comments?post=5370"}],"version-history":[{"count":1,"href":"https:\/\/www.cottagesdeperpignan.com\/de\/wp-json\/wp\/v2\/pages\/5370\/revisions"}],"predecessor-version":[{"id":5371,"href":"https:\/\/www.cottagesdeperpignan.com\/de\/wp-json\/wp\/v2\/pages\/5370\/revisions\/5371"}],"wp:attachment":[{"href":"https:\/\/www.cottagesdeperpignan.com\/de\/wp-json\/wp\/v2\/media?parent=5370"}],"wp:term":[{"taxonomy":"sujet","embeddable":true,"href":"https:\/\/www.cottagesdeperpignan.com\/de\/wp-json\/wp\/v2\/sujet?post=5370"}],"curies":[{"name":"wp","href":"https:\/\/api.w.org\/{rel}","templated":true}]}}