{"id":3223,"date":"2023-11-07T14:50:31","date_gmt":"2023-11-07T13:50:31","guid":{"rendered":"https:\/\/www.cottagesdeperpignan.com\/afiliacion-maeva\/"},"modified":"2023-12-04T10:11:19","modified_gmt":"2023-12-04T09:11:19","slug":"asociacion-con-maeva","status":"publish","type":"page","link":"https:\/\/www.cottagesdeperpignan.com\/es\/asociacion-con-maeva\/","title":{"rendered":"Camping Maeva"},"content":{"rendered":"<section id=\"ls-section-block_523fbfecfa7e62af79fe0d758d3419d2\" class=\"ls-section  page-intro has-p-b p-b-0\" >\r\n        <div class=\"container \">\r\n        \n\n<div class=\"wp-block-columns is-layout-flex wp-container-core-columns-is-layout-9d6595d7 wp-block-columns-is-layout-flex\">\n<div class=\"wp-block-column is-layout-flow wp-block-column-is-layout-flow\">\n<h1 class=\"ls__heading wp-block-heading has-text-align-center\">afiliaci\u00f3n a maeva<\/h1>\n<\/div>\n<\/div>\n\n\r\n    <\/div>\r\n<\/section><section id=\"ls-section-block_f3564f23862abec61aff2a9db0824388\" class=\"ls-section  page-one has-p-t p-t-0\" >\r\n        <div class=\"container container--wide\">\r\n        \n\n<a href=\"https:\/\/www.maeva.com\/fr-fr\/\" target=\"_blank\" class=\"is-layout-flex\" style=\"justify-content: center;\" rel=\"noopener\"><img decoding=\"async\" src=\"https:\/\/www.cottagesdeperpignan.com\/wp-content\/uploads\/2023\/11\/Logo_maeva_Yellow-300x60.webp\" alt=\"camping maeva perpignan\"\/><\/a>\n\n\n\n<p class=\"ls-paragraph\">Campings maeva : les experts de l\u2019h\u00e9bergement modulable, confortable, du tourisme durable et du respect de l\u2019environnement !<br\/>Notre\u00a0<a href=\"https:\/\/www.cottagesdeperpignan.com\/\">camping Les cottages de Perpignan<\/a>\u00a0est affili\u00e9 \u00e0 la marque \u201cCampings maeva\u201d.<\/p>\n\n\n\n<p class=\"ls-paragraph\">Campings maeva es la primera cadena de campings eco-comprometidos del grupo Pierre &amp; Vacances Center Parcs.<\/p>\n\n\n\n<p class=\"ls-paragraph\">El camping Les cottages de Perpignan goza de una situaci\u00f3n tur\u00edstica excepcional, a dos pasos del centro de la ciudad de Perpi\u00f1\u00e1n y muy cerca de los numerosos parajes naturales y excursiones culturales que ofrecen los Pirineos Orientales. Redescubra las regiones de Francia a trav\u00e9s del turismo sostenible y t\u00f3mese su tiempo para apreciar la riqueza de nuestras regiones.<\/p>\n\n\n\n<p class=\"ls-paragraph\">Al unirnos a la red de afiliados de Campings maeva, nos comprometemos con los valores compartidos de hospitalidad, amabilidad y convivencia, para poder ofrecerle las vacaciones ideales.<\/p>\n\n\n\n<p class=\"ls-paragraph\">Tambi\u00e9n estamos comprometidos con la ecogesti\u00f3n de nuestro camping para reducir nuestra huella ecol\u00f3gica a trav\u00e9s de la etiqueta ecol\u00f3gica europea, la etiqueta clef verte y la \u00c9tiquette environnementale\u00bb respaldadas por ADEME, tres certificaciones dise\u00f1adas para destacar el rendimiento medioambiental y energ\u00e9tico de nuestros establecimientos.<\/p>\n\n\n\n<p class=\"ls-paragraph\">Reg\u00e1lese una estancia c\u00f3moda, flexible y respetuosa con el medio ambiente en un entorno tur\u00edstico extraordinario reservando sus pr\u00f3ximas vacaciones en nuestro camping maeva Escapade Les cottages en Perpi\u00f1\u00e1n.Nuestro camping Les cottages en Perpi\u00f1\u00e1n est\u00e1 afiliado a la marca \u00abCampings maeva\u00bb.<\/p>\n\n\n\n<p class=\"ls-paragraph\">Campings maeva es la primera cadena de campings eco-comprometidos del grupo Pierre &amp; Vacances Center Parcs.<\/p>\n\n\n\n<div class=\"wp-block-columns is-layout-flex wp-container-core-columns-is-layout-9d6595d7 wp-block-columns-is-layout-flex\">\n<div class=\"wp-block-column is-layout-flow wp-block-column-is-layout-flow\" style=\"flex-basis:66.66%\"><\/div>\n\n\n\n<div class=\"wp-block-column is-layout-flow wp-block-column-is-layout-flow\" style=\"flex-basis:33.33%\"><\/div>\n<\/div>\n\n\r\n    <\/div>\r\n<\/section>","protected":false},"excerpt":{"rendered":"","protected":false},"author":1,"featured_media":2175,"parent":0,"menu_order":0,"comment_status":"closed","ping_status":"closed","template":"","meta":{"_acf_changed":false,"inline_featured_image":false,"footnotes":""},"sujet":[],"class_list":["post-3223","page","type-page","status-publish","has-post-thumbnail","hentry"],"acf":[],"yoast_head":"<!-- This site is optimized with the Yoast SEO plugin v23.4 - https:\/\/yoast.com\/wordpress\/plugins\/seo\/ -->\n<title>Camping Maeva: nuestro camping en la cadena Maeva Camping en Perpi\u00f1\u00e1n<\/title>\n<meta name=\"robots\" content=\"index, follow, max-snippet:-1, max-image-preview:large, max-video-preview:-1\" \/>\n<link rel=\"canonical\" href=\"https:\/\/www.cottagesdeperpignan.com\/es\/asociacion-con-maeva\/\" \/>\n<meta property=\"og:locale\" content=\"es_ES\" \/>\n<meta property=\"og:type\" content=\"article\" \/>\n<meta property=\"og:title\" content=\"Camping Maeva: nuestro camping en la cadena Maeva Camping en Perpi\u00f1\u00e1n\" \/>\n<meta property=\"og:url\" content=\"https:\/\/www.cottagesdeperpignan.com\/es\/asociacion-con-maeva\/\" \/>\n<meta property=\"og:site_name\" content=\"Les Cottages de Perpignan\" \/>\n<meta property=\"article:modified_time\" content=\"2023-12-04T09:11:19+00:00\" \/>\n<meta property=\"og:image\" content=\"https:\/\/www.cottagesdeperpignan.com\/wp-content\/uploads\/2023\/11\/equipe-les-cottages-perpignan.webp\" \/>\n\t<meta property=\"og:image:width\" content=\"2000\" \/>\n\t<meta property=\"og:image:height\" content=\"1331\" \/>\n\t<meta property=\"og:image:type\" content=\"image\/webp\" \/>\n<meta name=\"twitter:card\" content=\"summary_large_image\" \/>\n<meta name=\"twitter:label1\" content=\"Tiempo de lectura\" \/>\n\t<meta name=\"twitter:data1\" content=\"2 minutos\" \/>\n<script type=\"application\/ld+json\" class=\"yoast-schema-graph\">{\"@context\":\"https:\/\/schema.org\",\"@graph\":[{\"@type\":\"WebPage\",\"@id\":\"https:\/\/www.cottagesdeperpignan.com\/es\/asociacion-con-maeva\/\",\"url\":\"https:\/\/www.cottagesdeperpignan.com\/es\/asociacion-con-maeva\/\",\"name\":\"Camping Maeva: nuestro camping en la cadena Maeva Camping en Perpi\u00f1\u00e1n\",\"isPartOf\":{\"@id\":\"https:\/\/www.cottagesdeperpignan.com\/es\/#website\"},\"primaryImageOfPage\":{\"@id\":\"https:\/\/www.cottagesdeperpignan.com\/es\/asociacion-con-maeva\/#primaryimage\"},\"image\":{\"@id\":\"https:\/\/www.cottagesdeperpignan.com\/es\/asociacion-con-maeva\/#primaryimage\"},\"thumbnailUrl\":\"https:\/\/www.cottagesdeperpignan.com\/wp-content\/uploads\/2023\/11\/equipe-les-cottages-perpignan.webp\",\"datePublished\":\"2023-11-07T13:50:31+00:00\",\"dateModified\":\"2023-12-04T09:11:19+00:00\",\"breadcrumb\":{\"@id\":\"https:\/\/www.cottagesdeperpignan.com\/es\/asociacion-con-maeva\/#breadcrumb\"},\"inLanguage\":\"es\",\"potentialAction\":[{\"@type\":\"ReadAction\",\"target\":[\"https:\/\/www.cottagesdeperpignan.com\/es\/asociacion-con-maeva\/\"]}]},{\"@type\":\"ImageObject\",\"inLanguage\":\"es\",\"@id\":\"https:\/\/www.cottagesdeperpignan.com\/es\/asociacion-con-maeva\/#primaryimage\",\"url\":\"https:\/\/www.cottagesdeperpignan.com\/wp-content\/uploads\/2023\/11\/equipe-les-cottages-perpignan.webp\",\"contentUrl\":\"https:\/\/www.cottagesdeperpignan.com\/wp-content\/uploads\/2023\/11\/equipe-les-cottages-perpignan.webp\",\"width\":2000,\"height\":1331,\"caption\":\"equipo les cottages perpignan\"},{\"@type\":\"BreadcrumbList\",\"@id\":\"https:\/\/www.cottagesdeperpignan.com\/es\/asociacion-con-maeva\/#breadcrumb\",\"itemListElement\":[{\"@type\":\"ListItem\",\"position\":1,\"name\":\"Camping Perpignan\",\"item\":\"https:\/\/www.cottagesdeperpignan.com\/es\/\"},{\"@type\":\"ListItem\",\"position\":2,\"name\":\"Camping Maeva\"}]},{\"@type\":\"WebSite\",\"@id\":\"https:\/\/www.cottagesdeperpignan.com\/es\/#website\",\"url\":\"https:\/\/www.cottagesdeperpignan.com\/es\/\",\"name\":\"Les Cottages de Perpignan\",\"description\":\"\",\"publisher\":{\"@id\":\"https:\/\/www.cottagesdeperpignan.com\/es\/#organization\"},\"potentialAction\":[{\"@type\":\"SearchAction\",\"target\":{\"@type\":\"EntryPoint\",\"urlTemplate\":\"https:\/\/www.cottagesdeperpignan.com\/es\/?s={search_term_string}\"},\"query-input\":{\"@type\":\"PropertyValueSpecification\",\"valueRequired\":true,\"valueName\":\"search_term_string\"}}],\"inLanguage\":\"es\"},{\"@type\":\"Organization\",\"@id\":\"https:\/\/www.cottagesdeperpignan.com\/es\/#organization\",\"name\":\"Les Cottages de Perpignan\",\"url\":\"https:\/\/www.cottagesdeperpignan.com\/es\/\",\"logo\":{\"@type\":\"ImageObject\",\"inLanguage\":\"es\",\"@id\":\"https:\/\/www.cottagesdeperpignan.com\/es\/#\/schema\/logo\/image\/\",\"url\":\"https:\/\/www.cottagesdeperpignan.com\/wp-content\/uploads\/2023\/11\/logo-cottages-perpignan.png\",\"contentUrl\":\"https:\/\/www.cottagesdeperpignan.com\/wp-content\/uploads\/2023\/11\/logo-cottages-perpignan.png\",\"width\":2560,\"height\":1418,\"caption\":\"Les Cottages de Perpignan\"},\"image\":{\"@id\":\"https:\/\/www.cottagesdeperpignan.com\/es\/#\/schema\/logo\/image\/\"}}]}<\/script>\n<!-- \/ Yoast SEO plugin. -->","yoast_head_json":{"title":"Camping Maeva: nuestro camping en la cadena Maeva Camping en Perpi\u00f1\u00e1n","robots":{"index":"index","follow":"follow","max-snippet":"max-snippet:-1","max-image-preview":"max-image-preview:large","max-video-preview":"max-video-preview:-1"},"canonical":"https:\/\/www.cottagesdeperpignan.com\/es\/asociacion-con-maeva\/","og_locale":"es_ES","og_type":"article","og_title":"Camping Maeva: nuestro camping en la cadena Maeva Camping en Perpi\u00f1\u00e1n","og_url":"https:\/\/www.cottagesdeperpignan.com\/es\/asociacion-con-maeva\/","og_site_name":"Les Cottages de Perpignan","article_modified_time":"2023-12-04T09:11:19+00:00","og_image":[{"width":2000,"height":1331,"url":"https:\/\/www.cottagesdeperpignan.com\/wp-content\/uploads\/2023\/11\/equipe-les-cottages-perpignan.webp","type":"image\/webp"}],"twitter_card":"summary_large_image","twitter_misc":{"Tiempo de lectura":"2 minutos"},"schema":{"@context":"https:\/\/schema.org","@graph":[{"@type":"WebPage","@id":"https:\/\/www.cottagesdeperpignan.com\/es\/asociacion-con-maeva\/","url":"https:\/\/www.cottagesdeperpignan.com\/es\/asociacion-con-maeva\/","name":"Camping Maeva: nuestro camping en la cadena Maeva Camping en Perpi\u00f1\u00e1n","isPartOf":{"@id":"https:\/\/www.cottagesdeperpignan.com\/es\/#website"},"primaryImageOfPage":{"@id":"https:\/\/www.cottagesdeperpignan.com\/es\/asociacion-con-maeva\/#primaryimage"},"image":{"@id":"https:\/\/www.cottagesdeperpignan.com\/es\/asociacion-con-maeva\/#primaryimage"},"thumbnailUrl":"https:\/\/www.cottagesdeperpignan.com\/wp-content\/uploads\/2023\/11\/equipe-les-cottages-perpignan.webp","datePublished":"2023-11-07T13:50:31+00:00","dateModified":"2023-12-04T09:11:19+00:00","breadcrumb":{"@id":"https:\/\/www.cottagesdeperpignan.com\/es\/asociacion-con-maeva\/#breadcrumb"},"inLanguage":"es","potentialAction":[{"@type":"ReadAction","target":["https:\/\/www.cottagesdeperpignan.com\/es\/asociacion-con-maeva\/"]}]},{"@type":"ImageObject","inLanguage":"es","@id":"https:\/\/www.cottagesdeperpignan.com\/es\/asociacion-con-maeva\/#primaryimage","url":"https:\/\/www.cottagesdeperpignan.com\/wp-content\/uploads\/2023\/11\/equipe-les-cottages-perpignan.webp","contentUrl":"https:\/\/www.cottagesdeperpignan.com\/wp-content\/uploads\/2023\/11\/equipe-les-cottages-perpignan.webp","width":2000,"height":1331,"caption":"equipo les cottages perpignan"},{"@type":"BreadcrumbList","@id":"https:\/\/www.cottagesdeperpignan.com\/es\/asociacion-con-maeva\/#breadcrumb","itemListElement":[{"@type":"ListItem","position":1,"name":"Camping Perpignan","item":"https:\/\/www.cottagesdeperpignan.com\/es\/"},{"@type":"ListItem","position":2,"name":"Camping Maeva"}]},{"@type":"WebSite","@id":"https:\/\/www.cottagesdeperpignan.com\/es\/#website","url":"https:\/\/www.cottagesdeperpignan.com\/es\/","name":"Les Cottages de Perpignan","description":"","publisher":{"@id":"https:\/\/www.cottagesdeperpignan.com\/es\/#organization"},"potentialAction":[{"@type":"SearchAction","target":{"@type":"EntryPoint","urlTemplate":"https:\/\/www.cottagesdeperpignan.com\/es\/?s={search_term_string}"},"query-input":{"@type":"PropertyValueSpecification","valueRequired":true,"valueName":"search_term_string"}}],"inLanguage":"es"},{"@type":"Organization","@id":"https:\/\/www.cottagesdeperpignan.com\/es\/#organization","name":"Les Cottages de Perpignan","url":"https:\/\/www.cottagesdeperpignan.com\/es\/","logo":{"@type":"ImageObject","inLanguage":"es","@id":"https:\/\/www.cottagesdeperpignan.com\/es\/#\/schema\/logo\/image\/","url":"https:\/\/www.cottagesdeperpignan.com\/wp-content\/uploads\/2023\/11\/logo-cottages-perpignan.png","contentUrl":"https:\/\/www.cottagesdeperpignan.com\/wp-content\/uploads\/2023\/11\/logo-cottages-perpignan.png","width":2560,"height":1418,"caption":"Les Cottages de Perpignan"},"image":{"@id":"https:\/\/www.cottagesdeperpignan.com\/es\/#\/schema\/logo\/image\/"}}]}},"_links":{"self":[{"href":"https:\/\/www.cottagesdeperpignan.com\/es\/wp-json\/wp\/v2\/pages\/3223","targetHints":{"allow":["GET"]}}],"collection":[{"href":"https:\/\/www.cottagesdeperpignan.com\/es\/wp-json\/wp\/v2\/pages"}],"about":[{"href":"https:\/\/www.cottagesdeperpignan.com\/es\/wp-json\/wp\/v2\/types\/page"}],"author":[{"embeddable":true,"href":"https:\/\/www.cottagesdeperpignan.com\/es\/wp-json\/wp\/v2\/users\/1"}],"replies":[{"embeddable":true,"href":"https:\/\/www.cottagesdeperpignan.com\/es\/wp-json\/wp\/v2\/comments?post=3223"}],"version-history":[{"count":6,"href":"https:\/\/www.cottagesdeperpignan.com\/es\/wp-json\/wp\/v2\/pages\/3223\/revisions"}],"predecessor-version":[{"id":4750,"href":"https:\/\/www.cottagesdeperpignan.com\/es\/wp-json\/wp\/v2\/pages\/3223\/revisions\/4750"}],"wp:featuredmedia":[{"embeddable":true,"href":"https:\/\/www.cottagesdeperpignan.com\/es\/wp-json\/wp\/v2\/media\/2175"}],"wp:attachment":[{"href":"https:\/\/www.cottagesdeperpignan.com\/es\/wp-json\/wp\/v2\/media?parent=3223"}],"wp:term":[{"taxonomy":"sujet","embeddable":true,"href":"https:\/\/www.cottagesdeperpignan.com\/es\/wp-json\/wp\/v2\/sujet?post=3223"}],"curies":[{"name":"wp","href":"https:\/\/api.w.org\/{rel}","templated":true}]}}