{"id":3322,"date":"2023-11-02T13:35:01","date_gmt":"2023-11-02T12:35:01","guid":{"rendered":"https:\/\/www.cottagesdeperpignan.com\/eventos-para-particulares\/"},"modified":"2023-12-04T16:53:36","modified_gmt":"2023-12-04T15:53:36","slug":"evento-para-particulares","status":"publish","type":"page","link":"https:\/\/www.cottagesdeperpignan.com\/es\/evento-para-particulares\/","title":{"rendered":"Eventos especiales"},"content":{"rendered":"<section id=\"ls-section-block_821d2e6b8bef67e1a9d59116d7f26710\" class=\"ls-section  page-intro\" >\r\n        <div class=\"container \">\r\n        \n\n<div class=\"wp-block-columns is-layout-flex wp-container-core-columns-is-layout-9d6595d7 wp-block-columns-is-layout-flex\">\n<div class=\"wp-block-column is-layout-flow wp-block-column-is-layout-flow\">\n<h1 class=\"ls__heading wp-block-heading has-text-align-center\">Organice sus celebraciones familiares <strong>en nuestro camping<\/strong><\/h1>\n<\/div>\n<\/div>\n\n\r\n    <\/div>\r\n<\/section><section id=\"ls-section-block_828a32866aa91ed844a09564542629cc\" class=\"ls-section  page-one has-p-t p-t-0\" >\r\n        <div class=\"container container--wide\">\r\n        \n\n<div class=\"wp-block-columns is-layout-flex wp-container-core-columns-is-layout-9d6595d7 wp-block-columns-is-layout-flex\">\n<div class=\"wp-block-column first is-layout-flow wp-block-column-is-layout-flow\" style=\"flex-basis:66.66%\">\n<figure class=\"wp-block-gallery has-nested-images columns-default is-cropped gallery-slider wp-block-gallery-1 is-layout-flex wp-block-gallery-is-layout-flex\">\n<figure class=\"wp-block-image size-full\"><a href=\"https:\/\/www.cottagesdeperpignan.com\/wp-content\/uploads\/2023\/11\/louer-salle-mariage-pyrenees-orientales.webp\"><img decoding=\"async\" width=\"900\" height=\"1348\" data-id=\"4812\" src=\"https:\/\/www.cottagesdeperpignan.com\/wp-content\/uploads\/2023\/11\/louer-salle-mariage-pyrenees-orientales.webp\" alt=\"alquiler salon de bodas pirineos orientales\" class=\"wp-image-4812\" srcset=\"https:\/\/www.cottagesdeperpignan.com\/wp-content\/uploads\/2023\/11\/louer-salle-mariage-pyrenees-orientales.webp 900w, https:\/\/www.cottagesdeperpignan.com\/wp-content\/uploads\/2023\/11\/louer-salle-mariage-pyrenees-orientales-200x300.webp 200w, https:\/\/www.cottagesdeperpignan.com\/wp-content\/uploads\/2023\/11\/louer-salle-mariage-pyrenees-orientales-684x1024.webp 684w, https:\/\/www.cottagesdeperpignan.com\/wp-content\/uploads\/2023\/11\/louer-salle-mariage-pyrenees-orientales-768x1150.webp 768w\" sizes=\"(max-width: 900px) 100vw, 900px\" \/><\/a><\/figure>\n\n\n\n<figure class=\"wp-block-image size-full\"><a href=\"https:\/\/www.cottagesdeperpignan.com\/wp-content\/uploads\/2023\/11\/location-salle-mariage-perpignan.webp\"><img decoding=\"async\" width=\"900\" height=\"1269\" data-id=\"4807\" src=\"https:\/\/www.cottagesdeperpignan.com\/wp-content\/uploads\/2023\/11\/location-salle-mariage-perpignan.webp\" alt=\"alquiler de sala de bodas perpignan\" class=\"wp-image-4807\" srcset=\"https:\/\/www.cottagesdeperpignan.com\/wp-content\/uploads\/2023\/11\/location-salle-mariage-perpignan.webp 900w, https:\/\/www.cottagesdeperpignan.com\/wp-content\/uploads\/2023\/11\/location-salle-mariage-perpignan-213x300.webp 213w, https:\/\/www.cottagesdeperpignan.com\/wp-content\/uploads\/2023\/11\/location-salle-mariage-perpignan-726x1024.webp 726w, https:\/\/www.cottagesdeperpignan.com\/wp-content\/uploads\/2023\/11\/location-salle-mariage-perpignan-768x1083.webp 768w\" sizes=\"(max-width: 900px) 100vw, 900px\" \/><\/a><\/figure>\n\n\n\n<figure class=\"wp-block-image size-full\"><a href=\"https:\/\/www.cottagesdeperpignan.com\/wp-content\/uploads\/2023\/11\/location-lieu-mariage-perpignan.webp\"><img decoding=\"async\" width=\"900\" height=\"1186\" data-id=\"4832\" src=\"https:\/\/www.cottagesdeperpignan.com\/wp-content\/uploads\/2023\/11\/location-lieu-mariage-perpignan.webp\" alt=\"lugar de la boda perpi&#xF1;&#xE1;n\" class=\"wp-image-4832\" srcset=\"https:\/\/www.cottagesdeperpignan.com\/wp-content\/uploads\/2023\/11\/location-lieu-mariage-perpignan.webp 900w, https:\/\/www.cottagesdeperpignan.com\/wp-content\/uploads\/2023\/11\/location-lieu-mariage-perpignan-228x300.webp 228w, https:\/\/www.cottagesdeperpignan.com\/wp-content\/uploads\/2023\/11\/location-lieu-mariage-perpignan-777x1024.webp 777w, https:\/\/www.cottagesdeperpignan.com\/wp-content\/uploads\/2023\/11\/location-lieu-mariage-perpignan-768x1012.webp 768w\" sizes=\"(max-width: 900px) 100vw, 900px\" \/><\/a><\/figure>\n\n\n\n<figure class=\"wp-block-image size-full\"><a href=\"https:\/\/www.cottagesdeperpignan.com\/wp-content\/uploads\/2023\/11\/lieu-mariage-perpignan.webp\"><img decoding=\"async\" width=\"900\" height=\"1349\" data-id=\"4837\" src=\"https:\/\/www.cottagesdeperpignan.com\/wp-content\/uploads\/2023\/11\/lieu-mariage-perpignan.webp\" alt=\"lugar de celebraci&#xF3;n de bodas en perpi&#xF1;&#xE1;n\" class=\"wp-image-4837\" srcset=\"https:\/\/www.cottagesdeperpignan.com\/wp-content\/uploads\/2023\/11\/lieu-mariage-perpignan.webp 900w, https:\/\/www.cottagesdeperpignan.com\/wp-content\/uploads\/2023\/11\/lieu-mariage-perpignan-200x300.webp 200w, https:\/\/www.cottagesdeperpignan.com\/wp-content\/uploads\/2023\/11\/lieu-mariage-perpignan-683x1024.webp 683w, https:\/\/www.cottagesdeperpignan.com\/wp-content\/uploads\/2023\/11\/lieu-mariage-perpignan-768x1151.webp 768w\" sizes=\"(max-width: 900px) 100vw, 900px\" \/><\/a><\/figure>\n\n\n\n<figure class=\"wp-block-image size-large\"><a href=\"https:\/\/www.cottagesdeperpignan.com\/wp-content\/uploads\/2023\/11\/reception-mariage-perpignan.webp\"><img decoding=\"async\" width=\"683\" height=\"1024\" data-id=\"4822\" src=\"https:\/\/www.cottagesdeperpignan.com\/wp-content\/uploads\/2023\/11\/reception-mariage-perpignan-683x1024.webp\" alt=\"banquete de boda en perpi&#xF1;&#xE1;n\" class=\"wp-image-4822\" srcset=\"https:\/\/www.cottagesdeperpignan.com\/wp-content\/uploads\/2023\/11\/reception-mariage-perpignan-683x1024.webp 683w, https:\/\/www.cottagesdeperpignan.com\/wp-content\/uploads\/2023\/11\/reception-mariage-perpignan-200x300.webp 200w, https:\/\/www.cottagesdeperpignan.com\/wp-content\/uploads\/2023\/11\/reception-mariage-perpignan-768x1151.webp 768w, https:\/\/www.cottagesdeperpignan.com\/wp-content\/uploads\/2023\/11\/reception-mariage-perpignan.webp 900w\" sizes=\"(max-width: 683px) 100vw, 683px\" \/><\/a><\/figure>\n<\/figure>\n<\/div>\n\n\n\n<div class=\"wp-block-column is-vertically-aligned-center second is-layout-flow wp-block-column-is-layout-flow\" style=\"flex-basis:33.33%\">\n<p class=\"ls-paragraph\">\u00bfUn <strong>bautizo<\/strong> que celebrar? \u00bfPlanea una <strong>boda<\/strong>? \u00bfUn <strong>cumplea\u00f1os<\/strong> que celebrar? No se preocupe, el <a href=\"https:\/\/www.cottagesdeperpignan.com\/es\/\">camping \u00abLes Cottage de Perpignan\u00bb<\/a> dispone de todas las instalaciones necesarias para organizar <strong>eventos festivos<\/strong> para un gran n\u00famero de personas.<\/p>\n\n\n\n<p class=\"ls-paragraph\">Nuestro <strong>restaurante<\/strong>, con <strong>terraza<\/strong> y <strong>piscina<\/strong>, es el lugar ideal para grandes fiestas. El comedor climatizado tiene capacidad para 120 comensales en un ambiente luminoso y acogedor. A la entrada del <a href=\"https:\/\/www.cottagesdeperpignan.com\/es\/camping-con-piscina-perpignan\/\">camping con piscina de Perpi\u00f1\u00e1n<\/a>, un amplio <strong>aparcamiento<\/strong> gratuito est\u00e1 a disposici\u00f3n de los clientes.<\/p>\n\n\n\n<p class=\"ls-paragraph\">As\u00ed que deje de dudar. P\u00f3ngase en contacto con nosotros para que sus banquetes, banquetes de <strong>boda<\/strong>, fiestas de compromiso, bautizos, despedidas de soltero y otras <strong>celebraciones familiares<\/strong> sean todo un \u00e9xito.<\/p>\n<\/div>\n<\/div>\n\n\r\n    <\/div>\r\n<\/section><section id=\"ls-section-block_144dce0d196ca52cd5fa8d3b1be4706e\" class=\"ls-section  page-one has-background has-color-6-background-color has-p-t p-t-14 has-p-b p-b-14\" >\r\n        <div class=\"container container--wide\">\r\n        \n\n<h2 class=\"ls__heading wp-block-heading has-text-align-center deco-top-center\">Un equipo experimentado para el <strong>\u00e9xito de su evento festivo<\/strong><\/h2>\n\n\n\n<div class=\"wp-block-columns is-layout-flex wp-container-core-columns-is-layout-9d6595d7 wp-block-columns-is-layout-flex\">\n<div class=\"wp-block-column is-vertically-aligned-center is-layout-flow wp-block-column-is-layout-flow\" style=\"flex-basis:33.33%\">\n<p class=\"ls-paragraph\">Este tipo de acontecimientos requiere una <strong>organizaci\u00f3n rigurosa<\/strong> y las competencias adecuadas. <strong>La experiencia<\/strong> y <strong>profesionalidad<\/strong> de nuestros equipos son una aut\u00e9ntica ventaja. Nuestro personal es organizado, disponible, din\u00e1mico y entusiasta.<\/p>\n\n\n\n<p class=\"ls-paragraph\">El gran d\u00eda, har\u00e1 todo lo posible para que la recepci\u00f3n transcurra sin contratiempos. Nuestros chefs preparar\u00e1n cuidadosamente los platos que elija. Apreciar\u00e1 sus <strong>conocimientos<\/strong> culinarios. <\/p>\n\n\n\n<p class=\"ls-paragraph\">Un fest\u00edn para el paladar<\/p>\n<\/div>\n\n\n\n<div class=\"wp-block-column is-layout-flow wp-block-column-is-layout-flow\" style=\"flex-basis:66.66%\">\n<figure class=\"wp-block-image size-full\"><img decoding=\"async\" width=\"900\" height=\"675\" src=\"https:\/\/www.cottagesdeperpignan.com\/wp-content\/uploads\/2023\/12\/louer-domaine-mariage-perpignan-edited.webp\" alt=\"alquiler dominio boda perpignan\" class=\"wp-image-4850\" srcset=\"https:\/\/www.cottagesdeperpignan.com\/wp-content\/uploads\/2023\/12\/louer-domaine-mariage-perpignan-edited.webp 900w, https:\/\/www.cottagesdeperpignan.com\/wp-content\/uploads\/2023\/12\/louer-domaine-mariage-perpignan-edited-300x225.webp 300w, https:\/\/www.cottagesdeperpignan.com\/wp-content\/uploads\/2023\/12\/louer-domaine-mariage-perpignan-edited-768x576.webp 768w\" sizes=\"(max-width: 900px) 100vw, 900px\" \/><\/figure>\n<\/div>\n<\/div>\n\n\r\n    <\/div>\r\n<\/section><section id=\"ls-section-block_f07f032a2ff880bc3d8bf2729c6b82a2\" class=\"ls-section  page-one has-p-t p-t-14 has-p-b p-b-14\" >\r\n        <div class=\"container container--wide\">\r\n        \n\n<div class=\"wp-block-columns is-layout-flex wp-container-core-columns-is-layout-9d6595d7 wp-block-columns-is-layout-flex\">\n<div class=\"wp-block-column first is-layout-flow wp-block-column-is-layout-flow\" style=\"flex-basis:66.66%\">\n<figure class=\"wp-block-gallery has-nested-images columns-default is-cropped gallery-slider wp-block-gallery-2 is-layout-flex wp-block-gallery-is-layout-flex\">\n<figure class=\"wp-block-image size-full\"><a href=\"https:\/\/www.cottagesdeperpignan.com\/wp-content\/uploads\/2023\/11\/organisation-mariage-perpignan.webp\"><img decoding=\"async\" width=\"900\" height=\"1211\" data-id=\"4817\" src=\"https:\/\/www.cottagesdeperpignan.com\/wp-content\/uploads\/2023\/11\/organisation-mariage-perpignan.webp\" alt=\"organizaci&#xF3;n de bodas en perpi&#xF1;&#xE1;n\" class=\"wp-image-4817\" srcset=\"https:\/\/www.cottagesdeperpignan.com\/wp-content\/uploads\/2023\/11\/organisation-mariage-perpignan.webp 900w, https:\/\/www.cottagesdeperpignan.com\/wp-content\/uploads\/2023\/11\/organisation-mariage-perpignan-223x300.webp 223w, https:\/\/www.cottagesdeperpignan.com\/wp-content\/uploads\/2023\/11\/organisation-mariage-perpignan-761x1024.webp 761w, https:\/\/www.cottagesdeperpignan.com\/wp-content\/uploads\/2023\/11\/organisation-mariage-perpignan-768x1033.webp 768w\" sizes=\"(max-width: 900px) 100vw, 900px\" \/><\/a><\/figure>\n\n\n\n<figure class=\"wp-block-image size-full\"><a href=\"https:\/\/www.cottagesdeperpignan.com\/wp-content\/uploads\/2023\/11\/cocktail.webp\"><img decoding=\"async\" width=\"900\" height=\"1165\" data-id=\"4827\" src=\"https:\/\/www.cottagesdeperpignan.com\/wp-content\/uploads\/2023\/11\/cocktail.webp\" alt=\"c&#xF3;ctel\" class=\"wp-image-4827\" srcset=\"https:\/\/www.cottagesdeperpignan.com\/wp-content\/uploads\/2023\/11\/cocktail.webp 900w, https:\/\/www.cottagesdeperpignan.com\/wp-content\/uploads\/2023\/11\/cocktail-232x300.webp 232w, https:\/\/www.cottagesdeperpignan.com\/wp-content\/uploads\/2023\/11\/cocktail-791x1024.webp 791w, https:\/\/www.cottagesdeperpignan.com\/wp-content\/uploads\/2023\/11\/cocktail-768x994.webp 768w\" sizes=\"(max-width: 900px) 100vw, 900px\" \/><\/a><\/figure>\n<\/figure>\n<\/div>\n\n\n\n<div class=\"wp-block-column is-vertically-aligned-center second is-layout-flow wp-block-column-is-layout-flow\" style=\"flex-basis:33.33%\">\n<h2 class=\"ls__heading wp-block-heading deco\">Servicios a medida <strong>de alta calidad<\/strong><\/h2>\n\n\n\n<p class=\"ls-paragraph\">Una vez fijada la fecha de su evento, estaremos encantados de hablar sobre c\u00f3mo podemos organizarlo juntos. La elecci\u00f3n de los men\u00fas, la decoraci\u00f3n y el ambiente musical estar\u00e1n cuidadosamente pensados. Ciertos detalles son importantes para crear un <strong>buen ambiente<\/strong> y garantizar que todo el mundo se lo pase bien.<\/p>\n\n\n\n<p class=\"ls-paragraph\">Juntos calcularemos <strong>el presupuesto<\/strong> necesario para organizar la comida, la decoraci\u00f3n y el ambiente musical. Todo ser\u00e1 exactamente como usted lo desea. Nuestro objetivo es garantizar que su evento festivo sea un \u00e9xito y siga siendo un <strong>momento inolvidable<\/strong> para usted y sus invitados.<\/p>\n\n\n\n<p class=\"ls-paragraph\">Una de las principales ventajas de organizar su evento con nosotros es que dispondr\u00e1 de su alojamiento directamente in situ con nuestra gama de <a href=\"https:\/\/www.cottagesdeperpignan.com\/es\/nuestro-alojamiento\/\">alquiler de mobil-homes en Perpi\u00f1\u00e1n<\/a>. Estamos aqu\u00ed para ayudarle a organizar sus eventos festivos. No dude en ponerse en contacto con <strong>Mme BENADDA Dalila<\/strong> en el <strong>+33 6.02.06.83.85.<\/strong> para reservar la sala y hablar juntos de su proyecto.<\/p>\n<\/div>\n<\/div>\n\n\r\n    <\/div>\r\n<\/section><section id=\"ls-section-block_5c76dd822b974ab2480b024efecd8337\" class=\"ls-section  page-maillage has-p-b p-b-14\" >\r\n        <div class=\"container container--wide\">\r\n        \n\n<div id=\"ls-heading ls-titre-div-block_886af049fdc49255f9fc279fbcdb6de5\" class=\"ls-titre-div deco h2-like\" >\n    <strong>Organice un evento de empresa <\/strong> en <\/br>e inf\u00f3rmese sobre la oferta de ocio y alojamiento.<\/div>\n\n\n<div id=\"ls-maillage-block_a0402768f7448f520a1e6802998a0bc6\" class=\"ls-maillage cta-style-normal\" data-rows=\"3\">\n    <div class=\"wp-block-columns\"><div class=\"wp-block-column\"><div class=\"ls-cta \">\n\n<a href=\"https:\/\/www.cottagesdeperpignan.com\/es\/actividades-y-equipamiento\/\" target=\"\" rel=\"noopener\" class=\"ls-cta__link\">\n\n\t<div class=\"ls-cta__image\"><img decoding=\"async\" src=\"https:\/\/www.cottagesdeperpignan.com\/wp-content\/uploads\/2023\/11\/camping-cottage-2023_les-cottages-de-perpignan_animations_42_0.webp\" alt=\"les cottages de perpignan voleibol\"><\/div>\n\t<div class=\"ls-cta__title\">\n\t\tEntretenimiento\t<\/div>\n\n\t<div class=\"ls-button ls-button--cta\"><span>Descubra<\/span><i class='lagon-fleche-vers-le-haut'><\/i><\/div>\n\n\t<pre>NULL\n<\/pre>\n\t\t\n<\/a>\n\n\n<\/div><\/div><div class=\"wp-block-column\"><div class=\"ls-cta \">\n\n<a href=\"https:\/\/www.cottagesdeperpignan.com\/es\/evento-para-profesionales\/\" target=\"\" rel=\"noopener\" class=\"ls-cta__link\">\n\n\t<div class=\"ls-cta__image\"><img decoding=\"async\" src=\"https:\/\/www.cottagesdeperpignan.com\/wp-content\/uploads\/2023\/11\/degustation-camping-vin.webp\" alt=\"cata de vinos en camping\"><\/div>\n\t<div class=\"ls-cta__title\">\n\t\tEventos profesionales\t<\/div>\n\n\t<div class=\"ls-button ls-button--cta\"><span>Descubra<\/span><i class='lagon-fleche-vers-le-haut'><\/i><\/div>\n\n\t<pre>NULL\n<\/pre>\n\t\t\n<\/a>\n\n\n<\/div><\/div><div class=\"wp-block-column\"><div class=\"ls-cta \">\n\n<a href=\"https:\/\/www.cottagesdeperpignan.com\/es\/nuestro-alojamiento\/\" target=\"\" rel=\"noopener\" class=\"ls-cta__link\">\n\n\t<div class=\"ls-cta__image\"><img decoding=\"async\" src=\"https:\/\/www.cottagesdeperpignan.com\/wp-content\/uploads\/2023\/11\/location-mobil-home-perpignan.webp\" alt=\"alquiler de mobil home perpignan\"><\/div>\n\t<div class=\"ls-cta__title\">\n\t\tCasas m\u00f3viles\t<\/div>\n\n\t<div class=\"ls-button ls-button--cta\"><span>Descubra<\/span><i class='lagon-fleche-vers-le-haut'><\/i><\/div>\n\n\t<pre>NULL\n<\/pre>\n\t\t\n<\/a>\n\n\n<\/div><\/div><\/div><\/div>\n\r\n    <\/div>\r\n<\/section>","protected":false},"excerpt":{"rendered":"","protected":false},"author":1,"featured_media":4864,"parent":0,"menu_order":0,"comment_status":"closed","ping_status":"closed","template":"","meta":{"_acf_changed":false,"inline_featured_image":false,"footnotes":""},"sujet":[],"class_list":["post-3322","page","type-page","status-publish","has-post-thumbnail","hentry"],"acf":[],"yoast_head":"<!-- This site is optimized with the Yoast SEO plugin v23.4 - https:\/\/yoast.com\/wordpress\/plugins\/seo\/ -->\n<title>Eventos especiales en Perpi\u00f1\u00e1n: organice su boda, reuni\u00f3n de primos u otro evento en Perpi\u00f1\u00e1n<\/title>\n<meta name=\"robots\" content=\"index, follow, max-snippet:-1, max-image-preview:large, max-video-preview:-1\" \/>\n<link rel=\"canonical\" href=\"https:\/\/www.cottagesdeperpignan.com\/es\/evento-para-particulares\/\" \/>\n<meta property=\"og:locale\" content=\"es_ES\" \/>\n<meta property=\"og:type\" content=\"article\" \/>\n<meta property=\"og:title\" content=\"Eventos especiales en Perpi\u00f1\u00e1n: organice su boda, reuni\u00f3n de primos u otro evento en Perpi\u00f1\u00e1n\" \/>\n<meta property=\"og:url\" content=\"https:\/\/www.cottagesdeperpignan.com\/es\/evento-para-particulares\/\" \/>\n<meta property=\"og:site_name\" content=\"Les Cottages de Perpignan\" \/>\n<meta property=\"article:modified_time\" content=\"2023-12-04T15:53:36+00:00\" \/>\n<meta property=\"og:image\" content=\"https:\/\/www.cottagesdeperpignan.com\/wp-content\/uploads\/2023\/12\/louer-salle-mariage-perpignan.webp\" \/>\n\t<meta property=\"og:image:width\" content=\"2000\" \/>\n\t<meta property=\"og:image:height\" content=\"1224\" \/>\n\t<meta property=\"og:image:type\" content=\"image\/webp\" \/>\n<meta name=\"twitter:card\" content=\"summary_large_image\" \/>\n<meta name=\"twitter:label1\" content=\"Tiempo de lectura\" \/>\n\t<meta name=\"twitter:data1\" content=\"4 minutos\" \/>\n<script type=\"application\/ld+json\" class=\"yoast-schema-graph\">{\"@context\":\"https:\/\/schema.org\",\"@graph\":[{\"@type\":\"WebPage\",\"@id\":\"https:\/\/www.cottagesdeperpignan.com\/es\/evento-para-particulares\/\",\"url\":\"https:\/\/www.cottagesdeperpignan.com\/es\/evento-para-particulares\/\",\"name\":\"Eventos especiales en Perpi\u00f1\u00e1n: organice su boda, reuni\u00f3n de primos u otro evento en Perpi\u00f1\u00e1n\",\"isPartOf\":{\"@id\":\"https:\/\/www.cottagesdeperpignan.com\/es\/#website\"},\"primaryImageOfPage\":{\"@id\":\"https:\/\/www.cottagesdeperpignan.com\/es\/evento-para-particulares\/#primaryimage\"},\"image\":{\"@id\":\"https:\/\/www.cottagesdeperpignan.com\/es\/evento-para-particulares\/#primaryimage\"},\"thumbnailUrl\":\"https:\/\/www.cottagesdeperpignan.com\/wp-content\/uploads\/2023\/12\/louer-salle-mariage-perpignan.webp\",\"datePublished\":\"2023-11-02T12:35:01+00:00\",\"dateModified\":\"2023-12-04T15:53:36+00:00\",\"breadcrumb\":{\"@id\":\"https:\/\/www.cottagesdeperpignan.com\/es\/evento-para-particulares\/#breadcrumb\"},\"inLanguage\":\"es\",\"potentialAction\":[{\"@type\":\"ReadAction\",\"target\":[\"https:\/\/www.cottagesdeperpignan.com\/es\/evento-para-particulares\/\"]}]},{\"@type\":\"ImageObject\",\"inLanguage\":\"es\",\"@id\":\"https:\/\/www.cottagesdeperpignan.com\/es\/evento-para-particulares\/#primaryimage\",\"url\":\"https:\/\/www.cottagesdeperpignan.com\/wp-content\/uploads\/2023\/12\/louer-salle-mariage-perpignan.webp\",\"contentUrl\":\"https:\/\/www.cottagesdeperpignan.com\/wp-content\/uploads\/2023\/12\/louer-salle-mariage-perpignan.webp\",\"width\":2000,\"height\":1224,\"caption\":\"alquiler de salones de boda perpignan\"},{\"@type\":\"BreadcrumbList\",\"@id\":\"https:\/\/www.cottagesdeperpignan.com\/es\/evento-para-particulares\/#breadcrumb\",\"itemListElement\":[{\"@type\":\"ListItem\",\"position\":1,\"name\":\"Camping Perpignan\",\"item\":\"https:\/\/www.cottagesdeperpignan.com\/es\/\"},{\"@type\":\"ListItem\",\"position\":2,\"name\":\"Evento especial Perpi\u00f1\u00e1n\"}]},{\"@type\":\"WebSite\",\"@id\":\"https:\/\/www.cottagesdeperpignan.com\/es\/#website\",\"url\":\"https:\/\/www.cottagesdeperpignan.com\/es\/\",\"name\":\"Les Cottages de Perpignan\",\"description\":\"\",\"publisher\":{\"@id\":\"https:\/\/www.cottagesdeperpignan.com\/es\/#organization\"},\"potentialAction\":[{\"@type\":\"SearchAction\",\"target\":{\"@type\":\"EntryPoint\",\"urlTemplate\":\"https:\/\/www.cottagesdeperpignan.com\/es\/?s={search_term_string}\"},\"query-input\":{\"@type\":\"PropertyValueSpecification\",\"valueRequired\":true,\"valueName\":\"search_term_string\"}}],\"inLanguage\":\"es\"},{\"@type\":\"Organization\",\"@id\":\"https:\/\/www.cottagesdeperpignan.com\/es\/#organization\",\"name\":\"Les Cottages de Perpignan\",\"url\":\"https:\/\/www.cottagesdeperpignan.com\/es\/\",\"logo\":{\"@type\":\"ImageObject\",\"inLanguage\":\"es\",\"@id\":\"https:\/\/www.cottagesdeperpignan.com\/es\/#\/schema\/logo\/image\/\",\"url\":\"https:\/\/www.cottagesdeperpignan.com\/wp-content\/uploads\/2023\/11\/logo-cottages-perpignan.png\",\"contentUrl\":\"https:\/\/www.cottagesdeperpignan.com\/wp-content\/uploads\/2023\/11\/logo-cottages-perpignan.png\",\"width\":2560,\"height\":1418,\"caption\":\"Les Cottages de Perpignan\"},\"image\":{\"@id\":\"https:\/\/www.cottagesdeperpignan.com\/es\/#\/schema\/logo\/image\/\"}}]}<\/script>\n<!-- \/ Yoast SEO plugin. -->","yoast_head_json":{"title":"Eventos especiales en Perpi\u00f1\u00e1n: organice su boda, reuni\u00f3n de primos u otro evento en Perpi\u00f1\u00e1n","robots":{"index":"index","follow":"follow","max-snippet":"max-snippet:-1","max-image-preview":"max-image-preview:large","max-video-preview":"max-video-preview:-1"},"canonical":"https:\/\/www.cottagesdeperpignan.com\/es\/evento-para-particulares\/","og_locale":"es_ES","og_type":"article","og_title":"Eventos especiales en Perpi\u00f1\u00e1n: organice su boda, reuni\u00f3n de primos u otro evento en Perpi\u00f1\u00e1n","og_url":"https:\/\/www.cottagesdeperpignan.com\/es\/evento-para-particulares\/","og_site_name":"Les Cottages de Perpignan","article_modified_time":"2023-12-04T15:53:36+00:00","og_image":[{"width":2000,"height":1224,"url":"https:\/\/www.cottagesdeperpignan.com\/wp-content\/uploads\/2023\/12\/louer-salle-mariage-perpignan.webp","type":"image\/webp"}],"twitter_card":"summary_large_image","twitter_misc":{"Tiempo de lectura":"4 minutos"},"schema":{"@context":"https:\/\/schema.org","@graph":[{"@type":"WebPage","@id":"https:\/\/www.cottagesdeperpignan.com\/es\/evento-para-particulares\/","url":"https:\/\/www.cottagesdeperpignan.com\/es\/evento-para-particulares\/","name":"Eventos especiales en Perpi\u00f1\u00e1n: organice su boda, reuni\u00f3n de primos u otro evento en Perpi\u00f1\u00e1n","isPartOf":{"@id":"https:\/\/www.cottagesdeperpignan.com\/es\/#website"},"primaryImageOfPage":{"@id":"https:\/\/www.cottagesdeperpignan.com\/es\/evento-para-particulares\/#primaryimage"},"image":{"@id":"https:\/\/www.cottagesdeperpignan.com\/es\/evento-para-particulares\/#primaryimage"},"thumbnailUrl":"https:\/\/www.cottagesdeperpignan.com\/wp-content\/uploads\/2023\/12\/louer-salle-mariage-perpignan.webp","datePublished":"2023-11-02T12:35:01+00:00","dateModified":"2023-12-04T15:53:36+00:00","breadcrumb":{"@id":"https:\/\/www.cottagesdeperpignan.com\/es\/evento-para-particulares\/#breadcrumb"},"inLanguage":"es","potentialAction":[{"@type":"ReadAction","target":["https:\/\/www.cottagesdeperpignan.com\/es\/evento-para-particulares\/"]}]},{"@type":"ImageObject","inLanguage":"es","@id":"https:\/\/www.cottagesdeperpignan.com\/es\/evento-para-particulares\/#primaryimage","url":"https:\/\/www.cottagesdeperpignan.com\/wp-content\/uploads\/2023\/12\/louer-salle-mariage-perpignan.webp","contentUrl":"https:\/\/www.cottagesdeperpignan.com\/wp-content\/uploads\/2023\/12\/louer-salle-mariage-perpignan.webp","width":2000,"height":1224,"caption":"alquiler de salones de boda perpignan"},{"@type":"BreadcrumbList","@id":"https:\/\/www.cottagesdeperpignan.com\/es\/evento-para-particulares\/#breadcrumb","itemListElement":[{"@type":"ListItem","position":1,"name":"Camping Perpignan","item":"https:\/\/www.cottagesdeperpignan.com\/es\/"},{"@type":"ListItem","position":2,"name":"Evento especial Perpi\u00f1\u00e1n"}]},{"@type":"WebSite","@id":"https:\/\/www.cottagesdeperpignan.com\/es\/#website","url":"https:\/\/www.cottagesdeperpignan.com\/es\/","name":"Les Cottages de Perpignan","description":"","publisher":{"@id":"https:\/\/www.cottagesdeperpignan.com\/es\/#organization"},"potentialAction":[{"@type":"SearchAction","target":{"@type":"EntryPoint","urlTemplate":"https:\/\/www.cottagesdeperpignan.com\/es\/?s={search_term_string}"},"query-input":{"@type":"PropertyValueSpecification","valueRequired":true,"valueName":"search_term_string"}}],"inLanguage":"es"},{"@type":"Organization","@id":"https:\/\/www.cottagesdeperpignan.com\/es\/#organization","name":"Les Cottages de Perpignan","url":"https:\/\/www.cottagesdeperpignan.com\/es\/","logo":{"@type":"ImageObject","inLanguage":"es","@id":"https:\/\/www.cottagesdeperpignan.com\/es\/#\/schema\/logo\/image\/","url":"https:\/\/www.cottagesdeperpignan.com\/wp-content\/uploads\/2023\/11\/logo-cottages-perpignan.png","contentUrl":"https:\/\/www.cottagesdeperpignan.com\/wp-content\/uploads\/2023\/11\/logo-cottages-perpignan.png","width":2560,"height":1418,"caption":"Les Cottages de Perpignan"},"image":{"@id":"https:\/\/www.cottagesdeperpignan.com\/es\/#\/schema\/logo\/image\/"}}]}},"_links":{"self":[{"href":"https:\/\/www.cottagesdeperpignan.com\/es\/wp-json\/wp\/v2\/pages\/3322","targetHints":{"allow":["GET"]}}],"collection":[{"href":"https:\/\/www.cottagesdeperpignan.com\/es\/wp-json\/wp\/v2\/pages"}],"about":[{"href":"https:\/\/www.cottagesdeperpignan.com\/es\/wp-json\/wp\/v2\/types\/page"}],"author":[{"embeddable":true,"href":"https:\/\/www.cottagesdeperpignan.com\/es\/wp-json\/wp\/v2\/users\/1"}],"replies":[{"embeddable":true,"href":"https:\/\/www.cottagesdeperpignan.com\/es\/wp-json\/wp\/v2\/comments?post=3322"}],"version-history":[{"count":7,"href":"https:\/\/www.cottagesdeperpignan.com\/es\/wp-json\/wp\/v2\/pages\/3322\/revisions"}],"predecessor-version":[{"id":4871,"href":"https:\/\/www.cottagesdeperpignan.com\/es\/wp-json\/wp\/v2\/pages\/3322\/revisions\/4871"}],"wp:featuredmedia":[{"embeddable":true,"href":"https:\/\/www.cottagesdeperpignan.com\/es\/wp-json\/wp\/v2\/media\/4864"}],"wp:attachment":[{"href":"https:\/\/www.cottagesdeperpignan.com\/es\/wp-json\/wp\/v2\/media?parent=3322"}],"wp:term":[{"taxonomy":"sujet","embeddable":true,"href":"https:\/\/www.cottagesdeperpignan.com\/es\/wp-json\/wp\/v2\/sujet?post=3322"}],"curies":[{"name":"wp","href":"https:\/\/api.w.org\/{rel}","templated":true}]}}