{"id":5368,"date":"2024-01-22T15:05:41","date_gmt":"2024-01-22T14:05:41","guid":{"rendered":"https:\/\/www.cottagesdeperpignan.com\/huur-een-maand-perpignan\/"},"modified":"2024-01-30T12:22:22","modified_gmt":"2024-01-30T11:22:22","slug":"huur-een-maand-perpignan","status":"publish","type":"page","link":"https:\/\/www.cottagesdeperpignan.com\/nl\/huur-een-maand-perpignan\/","title":{"rendered":"Maandelijkse huur"},"content":{"rendered":"<section id=\"ls-section-block_d7fa70fc7b3aa24bceaa639c9cf0f45a\" class=\"ls-section  page-intro\" >\r\n        <div class=\"container \">\r\n        \n\n<div class=\"wp-block-columns is-layout-flex wp-container-core-columns-is-layout-9d6595d7 wp-block-columns-is-layout-flex\">\n<div class=\"wp-block-column is-layout-flow wp-block-column-is-layout-flow\">\n<h1 class=\"ls__heading wp-block-heading has-text-align-center\">Maandelijks huren in Perpignan<\/h1>\n\n\n\n<div id=\"ls-heading ls-titre-div-block_6ebec93827875fea028e7fcd9ec21276\" class=\"ls-titre-div aligncenter h2-like has-text-color has-color-3-color\" >\n    Heb je een kant-en-klare oplossing nodig die flexibel, onmiddellijk en probleemloos is?<\/div>\n\n\n\n<p class=\"ls-paragraph has-text-align-center\">Ben je op zoek naar een maand-tot-maand huurwoning in Perpignan (Occitanie) maar heb je moeite om een accommodatie te vinden? Ontdek het aantrekkelijke aanbod met een minimum aan beperkingen van onze <a href=\"https:\/\/www.cottagesdeperpignan.com\/nl\/\">camping in Perpignan Les Cottages de Perpignan<\/a>!<a href=\"https:\/\/www.cottagesdeperpignan.com\/nl\/accommodatie\/huur-een-maand-suite-formule\/#primary\" target=\"_blank\" rel=\"noreferrer noopener\"><\/a><br\/><\/p>\n<\/div>\n<\/div>\n\n\r\n    <\/div>\r\n<\/section><section id=\"ls-section-block_987be656854c468660b9fa35c518fc1e\" class=\"ls-section  widget has-p-t p-t-0\" >\r\n        <div class=\"container container--wide\">\r\n        \n\n<h2 class=\"ls__heading wp-block-heading has-text-align-center\">2 opties om uit te kiezen:  <\/h2>\n\n\n<div id=\"slider\" class=\"ls-maillage cta-style-normal\" data-rows=\"3\">\n    <div class=\"wp-block-columns\"><div class=\"wp-block-column\"><div class=\"ls-cta hebergements premium\">\n\n<a href=\"https:\/\/www.cottagesdeperpignan.com\/nl\/accommodatie\/huur-een-maand-suite-formule\/\" target=\"\" rel=\"noopener\" class=\"ls-cta__link\">\n\n\t<div class=\"ls-cta__image\"><img decoding=\"async\" src=\"https:\/\/www.cottagesdeperpignan.com\/wp-content\/uploads\/2024\/01\/1-1174851-scaled.jpg\" alt=\"\"><\/div>\n\t<div class=\"ls-cta__title\">\n\t\tMaandelijks Suite pakket\t<\/div>\n\n\t<div class=\"ls-button ls-button--cta\"><span>Ontdek<\/span><i class='lagon-fleche-vers-le-haut'><\/i><\/div>\n\n\t\t\t<div class=\"ls-cta__description\">\n\t\t\t<div class=\"h3-like\" style=\"text-align: center;\">1 slaapkamer + woonkamer en volledig uitgeruste keuken<\/div>\n<ul>\n<li style=\"text-align: left;\">28 m2 flat, gemeubileerd en volledig uitgerust<\/li>\n<li style=\"text-align: left;\">1 slaapkamer met tweepersoonsbed<br>\n<span style=\"font-size: 0.8rem;\">  (beddengoed extra)<\/span><\/li>\n<li style=\"text-align: left;\">1 doucheruimte met WC<br>\n<span style=\"font-size: 0.8rem;\">  (handdoeken extra)<\/span><\/li>\n<li style=\"text-align: left;\">2 aangesloten tv&#8217;s<\/li>\n<li style=\"text-align: left;\">Gratis snelle WIFI<\/li>\n<li style=\"text-align: left;\">Kantoorruimte met ethernetaansluiting<\/li>\n<li style=\"text-align: left;\">Omkeerbare airconditioning<\/li>\n<li style=\"text-align: left;\">Veel opbergruimte<\/li>\n<li style=\"text-align: left;\">Grote woonkamer<\/li>\n<li style=\"text-align: left;\">Volledig ingerichte keuken<\/li>\n<li style=\"text-align: left;\">Slaapbank<br>\n<span style=\"font-size: 0.8rem;\">  (voor 2 kinderen)<\/span><\/li>\n<li style=\"text-align: left;\">Toegewezen parkeerplaats<\/li>\n<\/ul>\n\t\t\n\t\t<\/div>\n\t<pre>NULL\n<\/pre>\n\t\t\n<\/a>\n\n\n<\/div><\/div><div class=\"wp-block-column\"><div class=\"ls-cta hebergements insolites animated fadeIn slow\">\n\n<a href=\"https:\/\/www.cottagesdeperpignan.com\/nl\/accommodatie\/huur-een-maand-cottage\/\" target=\"\" rel=\"noopener\" class=\"ls-cta__link\">\n\n\t<div class=\"ls-cta__image\"><img decoding=\"async\" src=\"https:\/\/www.cottagesdeperpignan.com\/wp-content\/uploads\/2023\/11\/0-1037090-scaled.jpg\" alt=\"goedkoop campingterras\"><\/div>\n\t<div class=\"ls-cta__title\">\n\t\tMaandelijks cottage pakket\t<\/div>\n\n\t<div class=\"ls-button ls-button--cta\"><span>Ontdek<\/span><i class='lagon-fleche-vers-le-haut'><\/i><\/div>\n\n\t\t\t<div class=\"ls-cta__description\">\n\t\t\t<div class=\"h3-like\" style=\"text-align: center;\">2 chambres + salon et cuisine sur\u00e9quip\u00e9e<\/div>\n<ul>\n<li style=\"text-align: left;\">Logement de 40 m2 meubl\u00e9 et sur\u00e9quip\u00e9<\/li>\n<li style=\"text-align: left;\">2 chambres avec lit double<br \/>\n<span style=\"font-size: 0.8rem;\">\u00a0\u00a0\u00a0\u00a0\u00a0(draps en suppl\u00e9ment)<\/span><\/li>\n<li style=\"text-align: left;\">2 Salle d&#8217;eau avec WC<br \/>\n<span style=\"font-size: 0.8rem;\">\u00a0\u00a0\u00a0\u00a0\u00a0(serviettes en suppl\u00e9ment)<\/span><\/li>\n<li style=\"text-align: left;\">3 TV connect\u00e9es<\/li>\n<li style=\"text-align: left;\">WIFI haut d\u00e9bit gratuit<\/li>\n<li style=\"text-align: left;\">2 Espaces bureau avec prise Ethernet<\/li>\n<li style=\"text-align: left;\">2 Climatisations r\u00e9versibles<\/li>\n<li style=\"text-align: left;\">Nombreux rangements<\/li>\n<li style=\"text-align: left;\">Grande pi\u00e8ce \u00e0 vivre<\/li>\n<li style=\"text-align: left;\">Cuisine toute \u00e9quip\u00e9e<\/li>\n<li style=\"text-align: left;\">Canap\u00e9 convertible<br \/>\n<span style=\"font-size: 0.8rem;\">\u00a0\u00a0\u00a0\u00a0\u00a0(pour 2 enfants)<\/span><\/li>\n<li style=\"text-align: left;\">2 Places de parking attitr\u00e9es<\/li>\n<li style=\"text-align: left;\"><strong>Id\u00e9al famille ou colocation \u00e9tudiante<\/strong><\/li>\n<\/ul>\n\t\t\n\t\t<\/div>\n\t<pre>NULL\n<\/pre>\n\t\t\n<\/a>\n\n\n<\/div><\/div><\/div><\/div>\n\r\n    <\/div>\r\n<\/section><section id=\"mizzy\" class=\"ls-section  page-one has-background has-color-6-background-color\" >\r\n        <div class=\"container container--wide\">\r\n        \n\n<div class=\"wp-block-columns is-layout-flex wp-container-core-columns-is-layout-9d6595d7 wp-block-columns-is-layout-flex\">\n<div class=\"wp-block-column is-vertically-aligned-center first is-layout-flow wp-block-column-is-layout-flow\" style=\"flex-basis:66.66%\">\n<figure class=\"wp-block-gallery has-nested-images columns-default is-cropped gallery-slider wp-block-gallery-1 is-layout-flex wp-block-gallery-is-layout-flex\">\n<figure class=\"wp-block-image size-full\"><a href=\"https:\/\/www.cottagesdeperpignan.com\/wp-content\/uploads\/2023\/11\/louer-mobil-home-perpignan.webp\"><img decoding=\"async\" width=\"1920\" height=\"1280\" data-id=\"920\" src=\"https:\/\/www.cottagesdeperpignan.com\/wp-content\/uploads\/2023\/11\/louer-mobil-home-perpignan.webp\" alt=\"stacaravan huren perpignan\" class=\"wp-image-920\" srcset=\"https:\/\/www.cottagesdeperpignan.com\/wp-content\/uploads\/2023\/11\/louer-mobil-home-perpignan.webp 1920w, https:\/\/www.cottagesdeperpignan.com\/wp-content\/uploads\/2023\/11\/louer-mobil-home-perpignan-300x200.webp 300w, https:\/\/www.cottagesdeperpignan.com\/wp-content\/uploads\/2023\/11\/louer-mobil-home-perpignan-1024x683.webp 1024w, https:\/\/www.cottagesdeperpignan.com\/wp-content\/uploads\/2023\/11\/louer-mobil-home-perpignan-768x512.webp 768w, https:\/\/www.cottagesdeperpignan.com\/wp-content\/uploads\/2023\/11\/louer-mobil-home-perpignan-1536x1024.webp 1536w\" sizes=\"(max-width: 1920px) 100vw, 1920px\" \/><\/a><\/figure>\n\n\n\n<figure class=\"wp-block-image size-full\"><a href=\"https:\/\/www.cottagesdeperpignan.com\/wp-content\/uploads\/2023\/11\/logement-interieur-1.webp\"><img decoding=\"async\" width=\"1920\" height=\"1280\" data-id=\"1800\" src=\"https:\/\/www.cottagesdeperpignan.com\/wp-content\/uploads\/2023\/11\/logement-interieur-1.webp\" alt=\"interieur accommodatie\" class=\"wp-image-1800\" srcset=\"https:\/\/www.cottagesdeperpignan.com\/wp-content\/uploads\/2023\/11\/logement-interieur-1.webp 1920w, https:\/\/www.cottagesdeperpignan.com\/wp-content\/uploads\/2023\/11\/logement-interieur-1-300x200.webp 300w, https:\/\/www.cottagesdeperpignan.com\/wp-content\/uploads\/2023\/11\/logement-interieur-1-1024x683.webp 1024w, https:\/\/www.cottagesdeperpignan.com\/wp-content\/uploads\/2023\/11\/logement-interieur-1-768x512.webp 768w, https:\/\/www.cottagesdeperpignan.com\/wp-content\/uploads\/2023\/11\/logement-interieur-1-1536x1024.webp 1536w\" sizes=\"(max-width: 1920px) 100vw, 1920px\" \/><\/a><\/figure>\n<\/figure>\n<\/div>\n\n\n\n<div class=\"wp-block-column is-vertically-aligned-center second is-layout-flow wp-block-column-is-layout-flow\" style=\"flex-basis:33.33%\">\n<h2 class=\"ls__heading wp-block-heading deco\">Een zeer betaalbaar maandelijks huuraanbod in Perpignan<\/h2>\n\n\n\n<p class=\"ls-paragraph\">Het <strong>maandelijkse huuraanbod<\/strong> van onze camping Les Cottages de <strong>Perpignan<\/strong> garandeert je een comfortabel verblijf in een aangename omgeving met <strong>een minimum aan beperkingen<\/strong>:<\/p>\n\n\n\n<ul class=\"ls-list wp-block-list\">\n<li>Verhuur per maand het hele jaar door (behalve juli\/augustus)<\/li>\n\n\n\n<li>Minimum 28 nachten<\/li>\n\n\n\n<li>Geen tijdslimiet<\/li>\n\n\n\n<li>Geen garantie vereist<\/li>\n\n\n\n<li>Verhuur zonder financi\u00eble voorwaarden<\/li>\n\n\n\n<li>Geen vervroegde huurbetalingen<\/li>\n\n\n\n<li>Mogelijk in aanmerking komen voor APL<\/li>\n\n\n\n<li>Water, gas, internet en verzekering inbegrepen in de prijs, elektriciteit extra.<\/li>\n<\/ul>\n<\/div>\n<\/div>\n\n\r\n    <\/div>\r\n<\/section><section id=\"ls-section-block_49b2e1466e0f8caf4439d4d4aa4734d1\" class=\"ls-section  page-one\" >\r\n        <div class=\"container container--wide\">\r\n        \n\n<div class=\"wp-block-columns page-one is-layout-flex wp-container-core-columns-is-layout-9d6595d7 wp-block-columns-is-layout-flex\">\n<div class=\"wp-block-column is-vertically-aligned-center second is-layout-flow wp-block-column-is-layout-flow\" style=\"flex-basis:33.33%\">\n<h2 class=\"ls__heading wp-block-heading deco\">Waarom een maandverhuur boeken in de buurt van Perpignan?<\/h2>\n\n\n\n<p class=\"ls-paragraph\">Er zijn verschillende redenen waarom je<strong> een woning per maand wilt huren<\/strong>:  <\/p>\n\n\n\n<ul class=\"ls-list wp-block-list\">\n<li><strong>Telewerken<\/strong>: Doe jij aan telewerken? Het voordeel van telewerken is dat je kunt werken waar je maar wilt. Een maand lang telewerken op een camping geeft je een andere omgeving en de kans om een regio te bezoeken terwijl je blijft werken.<\/li>\n\n\n\n<li><strong>Een overgangsperiode<\/strong>: ga je door een overgangsperiode (toekomstige woning nog niet beschikbaar, aankoop van een woning in uitvoering, renovatiewerkzaamheden aan je woning, enz.) en heb je een tijdelijke flat nodig voor een maand of langer? Denk aan <strong>huren per maand op onze camping in Perpignan<\/strong>!  <\/li>\n<\/ul>\n<\/div>\n\n\n\n<div class=\"wp-block-column first is-layout-flow wp-block-column-is-layout-flow\" style=\"flex-basis:66.66%\">\n<figure class=\"wp-block-gallery has-nested-images columns-default is-cropped gallery-slider wp-block-gallery-2 is-layout-flex wp-block-gallery-is-layout-flex\">\n<figure class=\"wp-block-image size-full\"><a href=\"https:\/\/www.cottagesdeperpignan.com\/wp-content\/uploads\/2023\/11\/logement-interieur-les-cottages-camping.webp\"><img decoding=\"async\" width=\"1920\" height=\"1280\" data-id=\"1812\" src=\"https:\/\/www.cottagesdeperpignan.com\/wp-content\/uploads\/2023\/11\/logement-interieur-les-cottages-camping.webp\" alt=\"binnenverblijven les cottages camping\" class=\"wp-image-1812\" srcset=\"https:\/\/www.cottagesdeperpignan.com\/wp-content\/uploads\/2023\/11\/logement-interieur-les-cottages-camping.webp 1920w, https:\/\/www.cottagesdeperpignan.com\/wp-content\/uploads\/2023\/11\/logement-interieur-les-cottages-camping-300x200.webp 300w, https:\/\/www.cottagesdeperpignan.com\/wp-content\/uploads\/2023\/11\/logement-interieur-les-cottages-camping-1024x683.webp 1024w, https:\/\/www.cottagesdeperpignan.com\/wp-content\/uploads\/2023\/11\/logement-interieur-les-cottages-camping-768x512.webp 768w, https:\/\/www.cottagesdeperpignan.com\/wp-content\/uploads\/2023\/11\/logement-interieur-les-cottages-camping-1536x1024.webp 1536w\" sizes=\"(max-width: 1920px) 100vw, 1920px\" \/><\/a><\/figure>\n\n\n\n<figure class=\"wp-block-image size-full\"><a href=\"https:\/\/www.cottagesdeperpignan.com\/wp-content\/uploads\/2023\/11\/2-1037080-scaled.jpg\"><img decoding=\"async\" width=\"2560\" height=\"1704\" data-id=\"240\" src=\"https:\/\/www.cottagesdeperpignan.com\/wp-content\/uploads\/2023\/11\/2-1037080-scaled.jpg\" alt=\"badkamer\" class=\"wp-image-240\" srcset=\"https:\/\/www.cottagesdeperpignan.com\/wp-content\/uploads\/2023\/11\/2-1037080-scaled.jpg 2560w, https:\/\/www.cottagesdeperpignan.com\/wp-content\/uploads\/2023\/11\/2-1037080-300x200.jpg 300w, https:\/\/www.cottagesdeperpignan.com\/wp-content\/uploads\/2023\/11\/2-1037080-1024x682.jpg 1024w, https:\/\/www.cottagesdeperpignan.com\/wp-content\/uploads\/2023\/11\/2-1037080-768x511.jpg 768w, https:\/\/www.cottagesdeperpignan.com\/wp-content\/uploads\/2023\/11\/2-1037080-1536x1022.jpg 1536w, https:\/\/www.cottagesdeperpignan.com\/wp-content\/uploads\/2023\/11\/2-1037080-2048x1363.jpg 2048w\" sizes=\"(max-width: 2560px) 100vw, 2560px\" \/><\/a><\/figure>\n\n\n\n<figure class=\"wp-block-image size-full\"><a href=\"https:\/\/www.cottagesdeperpignan.com\/wp-content\/uploads\/2023\/11\/location-les-cottages-camping.webp\"><img decoding=\"async\" width=\"1920\" height=\"1280\" data-id=\"1714\" src=\"https:\/\/www.cottagesdeperpignan.com\/wp-content\/uploads\/2023\/11\/location-les-cottages-camping.webp\" alt=\"verhuur les cottages camping\" class=\"wp-image-1714\" srcset=\"https:\/\/www.cottagesdeperpignan.com\/wp-content\/uploads\/2023\/11\/location-les-cottages-camping.webp 1920w, https:\/\/www.cottagesdeperpignan.com\/wp-content\/uploads\/2023\/11\/location-les-cottages-camping-300x200.webp 300w, https:\/\/www.cottagesdeperpignan.com\/wp-content\/uploads\/2023\/11\/location-les-cottages-camping-1024x683.webp 1024w, https:\/\/www.cottagesdeperpignan.com\/wp-content\/uploads\/2023\/11\/location-les-cottages-camping-768x512.webp 768w, https:\/\/www.cottagesdeperpignan.com\/wp-content\/uploads\/2023\/11\/location-les-cottages-camping-1536x1024.webp 1536w\" sizes=\"(max-width: 1920px) 100vw, 1920px\" \/><\/a><\/figure>\n\n\n\n<figure class=\"wp-block-image size-full\"><a href=\"https:\/\/www.cottagesdeperpignan.com\/wp-content\/uploads\/2023\/11\/chambre-hebergement-perpignan.webp\"><img decoding=\"async\" width=\"1920\" height=\"1280\" data-id=\"1658\" src=\"https:\/\/www.cottagesdeperpignan.com\/wp-content\/uploads\/2023\/11\/chambre-hebergement-perpignan.webp\" alt=\"accommodatie perpignan\" class=\"wp-image-1658\" srcset=\"https:\/\/www.cottagesdeperpignan.com\/wp-content\/uploads\/2023\/11\/chambre-hebergement-perpignan.webp 1920w, https:\/\/www.cottagesdeperpignan.com\/wp-content\/uploads\/2023\/11\/chambre-hebergement-perpignan-300x200.webp 300w, https:\/\/www.cottagesdeperpignan.com\/wp-content\/uploads\/2023\/11\/chambre-hebergement-perpignan-1024x683.webp 1024w, https:\/\/www.cottagesdeperpignan.com\/wp-content\/uploads\/2023\/11\/chambre-hebergement-perpignan-768x512.webp 768w, https:\/\/www.cottagesdeperpignan.com\/wp-content\/uploads\/2023\/11\/chambre-hebergement-perpignan-1536x1024.webp 1536w\" sizes=\"(max-width: 1920px) 100vw, 1920px\" \/><\/a><\/figure>\n<\/figure>\n<\/div>\n<\/div>\n\n\r\n    <\/div>\r\n<\/section><section id=\"mizzy\" class=\"ls-section  page-one\" >\r\n        <div class=\"container container--wide\">\r\n        \n\n<div class=\"wp-block-columns is-layout-flex wp-container-core-columns-is-layout-9d6595d7 wp-block-columns-is-layout-flex\">\n<div class=\"wp-block-column first is-layout-flow wp-block-column-is-layout-flow\" style=\"flex-basis:66.66%\">\n<figure class=\"wp-block-gallery has-nested-images columns-default is-cropped gallery-slider wp-block-gallery-3 is-layout-flex wp-block-gallery-is-layout-flex\">\n<figure class=\"wp-block-image size-large\"><a href=\"https:\/\/www.cottagesdeperpignan.com\/wp-content\/uploads\/2023\/11\/5-1037069-scaled.jpg\"><img decoding=\"async\" width=\"1024\" height=\"682\" data-id=\"261\" src=\"https:\/\/www.cottagesdeperpignan.com\/wp-content\/uploads\/2023\/11\/5-1037069-1024x682.jpg\" alt=\"tweepersoonskamer\" class=\"wp-image-261\" srcset=\"https:\/\/www.cottagesdeperpignan.com\/wp-content\/uploads\/2023\/11\/5-1037069-1024x682.jpg 1024w, https:\/\/www.cottagesdeperpignan.com\/wp-content\/uploads\/2023\/11\/5-1037069-300x200.jpg 300w, https:\/\/www.cottagesdeperpignan.com\/wp-content\/uploads\/2023\/11\/5-1037069-768x511.jpg 768w, https:\/\/www.cottagesdeperpignan.com\/wp-content\/uploads\/2023\/11\/5-1037069-1536x1022.jpg 1536w, https:\/\/www.cottagesdeperpignan.com\/wp-content\/uploads\/2023\/11\/5-1037069-2048x1363.jpg 2048w\" sizes=\"(max-width: 1024px) 100vw, 1024px\" \/><\/a><\/figure>\n\n\n\n<figure class=\"wp-block-image size-full\"><a href=\"https:\/\/www.cottagesdeperpignan.com\/wp-content\/uploads\/2023\/11\/sejour-mobil-home-perpignan-scaled.jpg\"><img decoding=\"async\" width=\"2560\" height=\"1706\" data-id=\"1662\" src=\"https:\/\/www.cottagesdeperpignan.com\/wp-content\/uploads\/2023\/11\/sejour-mobil-home-perpignan-scaled.jpg\" alt=\"stacaravan verblijf perpignan\" class=\"wp-image-1662\" srcset=\"https:\/\/www.cottagesdeperpignan.com\/wp-content\/uploads\/2023\/11\/sejour-mobil-home-perpignan-scaled.jpg 2560w, https:\/\/www.cottagesdeperpignan.com\/wp-content\/uploads\/2023\/11\/sejour-mobil-home-perpignan-300x200.jpg 300w, https:\/\/www.cottagesdeperpignan.com\/wp-content\/uploads\/2023\/11\/sejour-mobil-home-perpignan-1024x682.jpg 1024w, https:\/\/www.cottagesdeperpignan.com\/wp-content\/uploads\/2023\/11\/sejour-mobil-home-perpignan-768x512.jpg 768w, https:\/\/www.cottagesdeperpignan.com\/wp-content\/uploads\/2023\/11\/sejour-mobil-home-perpignan-1536x1024.jpg 1536w, https:\/\/www.cottagesdeperpignan.com\/wp-content\/uploads\/2023\/11\/sejour-mobil-home-perpignan-2048x1365.jpg 2048w\" sizes=\"(max-width: 2560px) 100vw, 2560px\" \/><\/a><\/figure>\n<\/figure>\n<\/div>\n\n\n\n<div class=\"wp-block-column is-vertically-aligned-center second is-layout-flow wp-block-column-is-layout-flow\" style=\"flex-basis:33.33%\">\n<ul class=\"ls-list wp-block-list\">\n<li><strong>Verlengde vakantie <\/strong>: heb je besloten om een maand op vakantie te gaan? Een maand huren op onze camping Les Cottages in Perpignan is de ideale oplossing voor jou!<\/li>\n\n\n\n<li><strong>Studenten-<\/strong> <strong>of seizoensstatus <\/strong>: ben je een seizoensarbeider op zoek naar een tijdelijke gemeubileerde flat voor de zomer, of een student op zoek naar een flat voor de duur van je stage? Onze <a href=\"https:\/\/www.cottagesdeperpignan.com\/nl\/camping-vijver-perpignan\/\">camping met zwembad in Perpignan<\/a> biedt betaalbare en praktische maandverhuur.<\/li>\n\n\n\n<li><strong>Gepensioneerde status <\/strong>: ben je gepensioneerd en vind je het leuk om een maand in de ene regio en een maand in een andere regio door te brengen? Het <strong>maandelijkse huuraanbod op onze camping in Perpignan<\/strong>, in de Pyr\u00e9n\u00e9es-Orientales, is precies wat je nodig hebt!  <\/li>\n<\/ul>\n<\/div>\n<\/div>\n\n\r\n    <\/div>\r\n<\/section><section id=\"ls-section-block_1f7ee523c0c16a19cf5441e47d4ba9a6\" class=\"ls-section  has-background has-color-6-background-color has-p-t p-t-12 has-p-b p-b-12\" >\r\n        <div class=\"container container--wide\">\r\n        \n\n<div class=\"wp-block-columns page-two is-layout-flex wp-container-core-columns-is-layout-9d6595d7 wp-block-columns-is-layout-flex\">\n<div class=\"wp-block-column is-layout-flow wp-block-column-is-layout-flow\">\n<h2 class=\"ls__heading wp-block-heading has-text-align-center deco-top-center m-b-0\">Twee maandelijkse huuropties in Perpignan<\/h2>\n<\/div>\n<\/div>\n\n\n\n<div class=\"wp-block-columns is-layout-flex wp-container-core-columns-is-layout-9d6595d7 wp-block-columns-is-layout-flex\">\n<div class=\"wp-block-column is-layout-flow wp-block-column-is-layout-flow\">\n<h3 class=\"ls__heading wp-block-heading deco\">Suite-formule<\/h3>\n\n\n\n<ul class=\"ls-list wp-block-list\">\n<li><strong>De uitrusting van je gemeubileerde flat<\/strong>  In Perpignan verblijf je in een comfortabel huurappartement met een slaapkamer, een badkamer, een kantoorruimte met ethernetaansluiting, 2 televisies, wifi, omkeerbare airconditioning, een volledig uitgeruste keuken, een grote woonkamer, een terras en een parkeerplaats.<\/li>\n\n\n\n<li><strong>Prijs<\/strong>: \u20ac25\/nacht.  <\/li>\n<\/ul>\n<\/div>\n\n\n\n<div class=\"wp-block-column is-layout-flow wp-block-column-is-layout-flow\">\n<h3 class=\"ls__heading wp-block-heading deco\">Cottage formule<\/h3>\n\n\n\n<ul class=\"ls-list wp-block-list\">\n<li><strong>Faciliteiten in je gemeubileerde flat<\/strong>: je verblijft in een flat van 40<sup>m2<\/sup> met twee slaapkamers en twee badkamers. Er is een woonkamer, een studeerkamer, 3 televisies, airconditioning, veel bergruimte, een terras met barbecue en een volledig uitgeruste keuken. Linnengoed en schoonmaak zijn extra.<\/li>\n\n\n\n<li><strong>Prijs<\/strong>: \u20ac35\/nacht.  <\/li>\n\n\n\n<li><strong>Het extraatje<\/strong>: de grootte en indeling van dit appartement maken het ideaal om te delen.<\/li>\n<\/ul>\n<\/div>\n<\/div>\n\n\n\n<p class=\"ls-paragraph\">Ben je ge\u00efnteresseerd in ons aanbod? Als je langer dan 28 nachten in je appartement in het centrum van Perpignan wilt verblijven, kun je <strong>per extra nacht huren<\/strong>.<\/p>\n\n\r\n    <\/div>\r\n<\/section><section id=\"mizzy\" class=\"ls-section  page-one\" >\r\n        <div class=\"container container--wide\">\r\n        \n\n<div class=\"wp-block-columns is-layout-flex wp-container-core-columns-is-layout-9d6595d7 wp-block-columns-is-layout-flex\">\n<div class=\"wp-block-column is-vertically-aligned-center second is-layout-flow wp-block-column-is-layout-flow\" style=\"flex-basis:33.33%\">\n<h2 class=\"ls__heading wp-block-heading has-text-align-left deco\">Een vakantie in een van de mooiste regio&#8217;s van Frankrijk<\/h2>\n\n\n\n<p class=\"ls-paragraph\">Wat de reden ook is van je verblijf van een maand in ons appartement in Perpignan, profiteer ervan om <strong>de schoonheid van de Pyr\u00e9n\u00e9es-Orientales<\/strong> te ontdekken!<\/p>\n\n\n\n<p class=\"ls-paragraph\">Bezienswaardigheden rond Perpignan zijn onder andere :  <\/p>\n\n\n\n<ul class=\"ls-list wp-block-list\">\n<li>Narbonne ;<\/li>\n\n\n\n<li>Saint-Cyprien ;<\/li>\n\n\n\n<li>Gruissan ;  <\/li>\n\n\n\n<li>Canet-en-Roussillon ;<\/li>\n\n\n\n<li>Port-Barcar\u00e8s ;  <\/li>\n\n\n\n<li>Saint-Hippolyte&#8230;<\/li>\n<\/ul>\n<\/div>\n\n\n\n<div class=\"wp-block-column is-vertically-aligned-center first is-layout-flow wp-block-column-is-layout-flow\" style=\"flex-basis:66.66%\">\n<figure class=\"wp-block-gallery has-nested-images columns-default is-cropped gallery-slider wp-block-gallery-4 is-layout-flex wp-block-gallery-is-layout-flex\">\n<figure class=\"wp-block-image size-full\"><a href=\"https:\/\/www.cottagesdeperpignan.com\/wp-content\/uploads\/2023\/11\/tourisme-perpignan.webp\"><img decoding=\"async\" width=\"1600\" height=\"1066\" data-id=\"2106\" src=\"https:\/\/www.cottagesdeperpignan.com\/wp-content\/uploads\/2023\/11\/tourisme-perpignan.webp\" alt=\"perpignan toerisme\" class=\"wp-image-2106\" srcset=\"https:\/\/www.cottagesdeperpignan.com\/wp-content\/uploads\/2023\/11\/tourisme-perpignan.webp 1600w, https:\/\/www.cottagesdeperpignan.com\/wp-content\/uploads\/2023\/11\/tourisme-perpignan-300x200.webp 300w, https:\/\/www.cottagesdeperpignan.com\/wp-content\/uploads\/2023\/11\/tourisme-perpignan-1024x682.webp 1024w, https:\/\/www.cottagesdeperpignan.com\/wp-content\/uploads\/2023\/11\/tourisme-perpignan-768x512.webp 768w, https:\/\/www.cottagesdeperpignan.com\/wp-content\/uploads\/2023\/11\/tourisme-perpignan-1536x1023.webp 1536w\" sizes=\"(max-width: 1600px) 100vw, 1600px\" \/><\/a><\/figure>\n\n\n\n<figure class=\"wp-block-image size-full\"><a href=\"https:\/\/www.cottagesdeperpignan.com\/wp-content\/uploads\/2023\/11\/camping-cottage-2023_les-cottages-de-perpignan_restaurant-bar_49_0.webp\"><img decoding=\"async\" width=\"1920\" height=\"1280\" data-id=\"618\" src=\"https:\/\/www.cottagesdeperpignan.com\/wp-content\/uploads\/2023\/11\/camping-cottage-2023_les-cottages-de-perpignan_restaurant-bar_49_0.webp\" alt=\"terras camping restaurant\" class=\"wp-image-618\" srcset=\"https:\/\/www.cottagesdeperpignan.com\/wp-content\/uploads\/2023\/11\/camping-cottage-2023_les-cottages-de-perpignan_restaurant-bar_49_0.webp 1920w, https:\/\/www.cottagesdeperpignan.com\/wp-content\/uploads\/2023\/11\/camping-cottage-2023_les-cottages-de-perpignan_restaurant-bar_49_0-300x200.webp 300w, https:\/\/www.cottagesdeperpignan.com\/wp-content\/uploads\/2023\/11\/camping-cottage-2023_les-cottages-de-perpignan_restaurant-bar_49_0-1024x683.webp 1024w, https:\/\/www.cottagesdeperpignan.com\/wp-content\/uploads\/2023\/11\/camping-cottage-2023_les-cottages-de-perpignan_restaurant-bar_49_0-768x512.webp 768w, https:\/\/www.cottagesdeperpignan.com\/wp-content\/uploads\/2023\/11\/camping-cottage-2023_les-cottages-de-perpignan_restaurant-bar_49_0-1536x1024.webp 1536w\" sizes=\"(max-width: 1920px) 100vw, 1920px\" \/><\/a><\/figure>\n<\/figure>\n<\/div>\n<\/div>\n\n\r\n    <\/div>\r\n<\/section><section id=\"ls-section-block_7ebb2173f3940bda4da96937e4e001f8\" class=\"ls-section  has-background has-color-6-background-color\" >\r\n        <div class=\"container container--wide\">\r\n        \n\n<div class=\"wp-block-columns is-layout-flex wp-container-core-columns-is-layout-9d6595d7 wp-block-columns-is-layout-flex\">\n<div class=\"wp-block-column is-vertically-aligned-center is-layout-flow wp-block-column-is-layout-flow\" style=\"flex-basis:66.66%\">\n<figure class=\"wp-block-image size-full\"><img decoding=\"async\" width=\"1920\" height=\"1280\" src=\"https:\/\/www.cottagesdeperpignan.com\/wp-content\/uploads\/2023\/11\/camping-cottage-2023_les-cottages-de-perpignan_restaurant-bar_29_0.webp\" alt=\"Aperitief in restaurant Les Cottages\" class=\"wp-image-635\" srcset=\"https:\/\/www.cottagesdeperpignan.com\/wp-content\/uploads\/2023\/11\/camping-cottage-2023_les-cottages-de-perpignan_restaurant-bar_29_0.webp 1920w, https:\/\/www.cottagesdeperpignan.com\/wp-content\/uploads\/2023\/11\/camping-cottage-2023_les-cottages-de-perpignan_restaurant-bar_29_0-300x200.webp 300w, https:\/\/www.cottagesdeperpignan.com\/wp-content\/uploads\/2023\/11\/camping-cottage-2023_les-cottages-de-perpignan_restaurant-bar_29_0-1024x683.webp 1024w, https:\/\/www.cottagesdeperpignan.com\/wp-content\/uploads\/2023\/11\/camping-cottage-2023_les-cottages-de-perpignan_restaurant-bar_29_0-768x512.webp 768w, https:\/\/www.cottagesdeperpignan.com\/wp-content\/uploads\/2023\/11\/camping-cottage-2023_les-cottages-de-perpignan_restaurant-bar_29_0-1536x1024.webp 1536w\" sizes=\"(max-width: 1920px) 100vw, 1920px\" \/><\/figure>\n<\/div>\n\n\n\n<div class=\"wp-block-column is-vertically-aligned-center is-layout-flow wp-block-column-is-layout-flow\" style=\"flex-basis:33.33%\">\n<h2 class=\"ls__heading wp-block-heading deco\">Reserveer uw huuraccommodatie voor een maand op onze camping in Perpignan<\/h2>\n\n\n\n<p class=\"ls-paragraph\">Ons assortiment van  <strong>maandverhuur in het centrum van Perpignan<\/strong>  Dit is een zeldzaam aanbod, perfect geschikt voor mensen die op zoek zijn naar een huurwoning voor een maand of langer en geconfronteerd worden met de beperkingen van de huurmarkt (borg, financi\u00eble voorwaarden, moeilijkheid om een woning te vinden voor een maand of twee, enz.)<\/p>\n\n\n\n<p class=\"ls-paragraph\">Als je op zoek bent naar dit soort accommodatie, wacht dan niet langer met het boeken van je appartement in Perpignan!  <\/p>\n\n\n\n<p class=\"ls-paragraph\">Heb je meer informatie nodig, details over de kamers en uitrusting van het appartement (slaapkamers, ingerichte keuken, parkeerplaats, enz.)? Aarzel niet om contact op te nemen met ons team, dat al je vragen zal beantwoorden!<\/p>\n<\/div>\n<\/div>\n\n\r\n    <\/div>\r\n<\/section><section id=\"ls-section-block_6d1a0111cb06096ab5cfbbb4a9ea737f\" class=\"ls-section  page-maillage\" >\r\n        <div class=\"container container--wide\">\r\n        \n\n<div id=\"ls-heading ls-titre-div-block_722b460656ec624eb508d15d9f331fba\" class=\"ls-titre-div deco h2-like\" >\n    <strong>Ontdek het restaurant, <\/strong> <\/br>het zwembad en al onze diensten!<\/div>\n\n\n<div id=\"ls-maillage-block_c1ec809e3814c4533382bdabddb5572a\" class=\"ls-maillage cta-style-normal\" data-rows=\"3\">\n    <div class=\"wp-block-columns\"><div class=\"wp-block-column\"><div class=\"ls-cta \">\n\n<a href=\"https:\/\/www.cottagesdeperpignan.com\/nl\/camping-vijver-perpignan\/\" target=\"\" rel=\"noopener\" class=\"ls-cta__link\">\n\n\t<div class=\"ls-cta__image\"><img decoding=\"async\" src=\"https:\/\/www.cottagesdeperpignan.com\/wp-content\/uploads\/2023\/11\/camping-cottage-piscine-pyrenees-orientales.webp\" alt=\"camping cottage zwembad pyrenee\u00ebn orientales\"><\/div>\n\t<div class=\"ls-cta__title\">\n\t\tHet zwembad\t<\/div>\n\n\t<div class=\"ls-button ls-button--cta\"><span>Ontdek<\/span><i class='lagon-fleche-vers-le-haut'><\/i><\/div>\n\n\t<pre>NULL\n<\/pre>\n\t\t\n<\/a>\n\n\n<\/div><\/div><div class=\"wp-block-column\"><div class=\"ls-cta \">\n\n<a href=\"https:\/\/www.cottagesdeperpignan.com\/nl\/diensten-restauratie\/\" target=\"\" rel=\"noopener\" class=\"ls-cta__link\">\n\n\t<div class=\"ls-cta__image\"><img decoding=\"async\" src=\"https:\/\/www.cottagesdeperpignan.com\/wp-content\/uploads\/2023\/11\/camping-cottage-2023_les-cottages-de-perpignan_restaurant-bar_29_0.webp\" alt=\"Aperitief in restaurant Les Cottages\"><\/div>\n\t<div class=\"ls-cta__title\">\n\t\tCatering\t<\/div>\n\n\t<div class=\"ls-button ls-button--cta\"><span>Ontdek<\/span><i class='lagon-fleche-vers-le-haut'><\/i><\/div>\n\n\t<pre>NULL\n<\/pre>\n\t\t\n<\/a>\n\n\n<\/div><\/div><div class=\"wp-block-column\"><div class=\"ls-cta \">\n\n<a href=\"https:\/\/www.cottagesdeperpignan.com\/nl\/ondersteunende-diensten\/\" target=\"\" rel=\"noopener\" class=\"ls-cta__link\">\n\n\t<div class=\"ls-cta__image\"><img decoding=\"async\" src=\"https:\/\/www.cottagesdeperpignan.com\/wp-content\/uploads\/2023\/11\/laverie.webp\" alt=\"was\"><\/div>\n\t<div class=\"ls-cta__title\">\n\t\tDiensten\t<\/div>\n\n\t<div class=\"ls-button ls-button--cta\"><span>Ontdek<\/span><i class='lagon-fleche-vers-le-haut'><\/i><\/div>\n\n\t<pre>NULL\n<\/pre>\n\t\t\n<\/a>\n\n\n<\/div><\/div><\/div><\/div>\n\r\n    <\/div>\r\n<\/section>","protected":false},"excerpt":{"rendered":"","protected":false},"author":2,"featured_media":0,"parent":0,"menu_order":0,"comment_status":"closed","ping_status":"closed","template":"","meta":{"_acf_changed":false,"inline_featured_image":false,"footnotes":""},"sujet":[],"class_list":["post-5368","page","type-page","status-publish","hentry"],"acf":[],"yoast_head":"<!-- This site is optimized with the Yoast SEO plugin v23.4 - https:\/\/yoast.com\/wordpress\/plugins\/seo\/ -->\n<title>Maandverhuur Perpignan: Maandverhuur in Perpignan vanaf \u20ac25 per nacht zonder verplichtingen<\/title>\n<meta name=\"description\" content=\"Ben je op zoek naar een maand-tot-maand huurwoning in Perpignan maar heb je moeite om een accommodatie te vinden? Ontdek ons aantrekkelijke aanbod!\" \/>\n<meta name=\"robots\" content=\"index, follow, max-snippet:-1, max-image-preview:large, max-video-preview:-1\" \/>\n<link rel=\"canonical\" href=\"https:\/\/www.cottagesdeperpignan.com\/nl\/huur-een-maand-perpignan\/\" \/>\n<meta property=\"og:locale\" content=\"nl_NL\" \/>\n<meta property=\"og:type\" content=\"article\" \/>\n<meta property=\"og:title\" content=\"Maandverhuur Perpignan: Maandverhuur in Perpignan vanaf \u20ac25 per nacht zonder verplichtingen\" \/>\n<meta property=\"og:description\" content=\"Ben je op zoek naar een maand-tot-maand huurwoning in Perpignan maar heb je moeite om een accommodatie te vinden? Ontdek ons aantrekkelijke aanbod!\" \/>\n<meta property=\"og:url\" content=\"https:\/\/www.cottagesdeperpignan.com\/nl\/huur-een-maand-perpignan\/\" \/>\n<meta property=\"og:site_name\" content=\"Les Cottages de Perpignan\" \/>\n<meta property=\"article:modified_time\" content=\"2024-01-30T11:22:22+00:00\" \/>\n<meta property=\"og:image\" content=\"https:\/\/www.cottagesdeperpignan.com\/wp-content\/uploads\/2023\/11\/louer-mobil-home-perpignan.webp\" \/>\n<meta name=\"twitter:card\" content=\"summary_large_image\" \/>\n<meta name=\"twitter:label1\" content=\"Geschatte leestijd\" \/>\n\t<meta name=\"twitter:data1\" content=\"3 minuten\" \/>\n<script type=\"application\/ld+json\" class=\"yoast-schema-graph\">{\"@context\":\"https:\/\/schema.org\",\"@graph\":[{\"@type\":\"WebPage\",\"@id\":\"https:\/\/www.cottagesdeperpignan.com\/nl\/huur-een-maand-perpignan\/\",\"url\":\"https:\/\/www.cottagesdeperpignan.com\/nl\/huur-een-maand-perpignan\/\",\"name\":\"Maandverhuur Perpignan: Maandverhuur in Perpignan vanaf \u20ac25 per nacht zonder verplichtingen\",\"isPartOf\":{\"@id\":\"https:\/\/www.cottagesdeperpignan.com\/nl\/#website\"},\"primaryImageOfPage\":{\"@id\":\"https:\/\/www.cottagesdeperpignan.com\/nl\/huur-een-maand-perpignan\/#primaryimage\"},\"image\":{\"@id\":\"https:\/\/www.cottagesdeperpignan.com\/nl\/huur-een-maand-perpignan\/#primaryimage\"},\"thumbnailUrl\":\"https:\/\/www.cottagesdeperpignan.com\/wp-content\/uploads\/2023\/11\/louer-mobil-home-perpignan.webp\",\"datePublished\":\"2024-01-22T14:05:41+00:00\",\"dateModified\":\"2024-01-30T11:22:22+00:00\",\"description\":\"Ben je op zoek naar een maand-tot-maand huurwoning in Perpignan maar heb je moeite om een accommodatie te vinden? Ontdek ons aantrekkelijke aanbod!\",\"breadcrumb\":{\"@id\":\"https:\/\/www.cottagesdeperpignan.com\/nl\/huur-een-maand-perpignan\/#breadcrumb\"},\"inLanguage\":\"nl-NL\",\"potentialAction\":[{\"@type\":\"ReadAction\",\"target\":[\"https:\/\/www.cottagesdeperpignan.com\/nl\/huur-een-maand-perpignan\/\"]}]},{\"@type\":\"ImageObject\",\"inLanguage\":\"nl-NL\",\"@id\":\"https:\/\/www.cottagesdeperpignan.com\/nl\/huur-een-maand-perpignan\/#primaryimage\",\"url\":\"https:\/\/www.cottagesdeperpignan.com\/wp-content\/uploads\/2023\/11\/louer-mobil-home-perpignan.webp\",\"contentUrl\":\"https:\/\/www.cottagesdeperpignan.com\/wp-content\/uploads\/2023\/11\/louer-mobil-home-perpignan.webp\"},{\"@type\":\"BreadcrumbList\",\"@id\":\"https:\/\/www.cottagesdeperpignan.com\/nl\/huur-een-maand-perpignan\/#breadcrumb\",\"itemListElement\":[{\"@type\":\"ListItem\",\"position\":1,\"name\":\"Camping Perpignan\",\"item\":\"https:\/\/www.cottagesdeperpignan.com\/nl\/\"},{\"@type\":\"ListItem\",\"position\":2,\"name\":\"Maandelijkse huur\"}]},{\"@type\":\"WebSite\",\"@id\":\"https:\/\/www.cottagesdeperpignan.com\/nl\/#website\",\"url\":\"https:\/\/www.cottagesdeperpignan.com\/nl\/\",\"name\":\"Les Cottages de Perpignan\",\"description\":\"\",\"publisher\":{\"@id\":\"https:\/\/www.cottagesdeperpignan.com\/nl\/#organization\"},\"potentialAction\":[{\"@type\":\"SearchAction\",\"target\":{\"@type\":\"EntryPoint\",\"urlTemplate\":\"https:\/\/www.cottagesdeperpignan.com\/nl\/?s={search_term_string}\"},\"query-input\":{\"@type\":\"PropertyValueSpecification\",\"valueRequired\":true,\"valueName\":\"search_term_string\"}}],\"inLanguage\":\"nl-NL\"},{\"@type\":\"Organization\",\"@id\":\"https:\/\/www.cottagesdeperpignan.com\/nl\/#organization\",\"name\":\"Les Cottages de Perpignan\",\"url\":\"https:\/\/www.cottagesdeperpignan.com\/nl\/\",\"logo\":{\"@type\":\"ImageObject\",\"inLanguage\":\"nl-NL\",\"@id\":\"https:\/\/www.cottagesdeperpignan.com\/nl\/#\/schema\/logo\/image\/\",\"url\":\"https:\/\/www.cottagesdeperpignan.com\/wp-content\/uploads\/2023\/11\/logo-cottages-perpignan.png\",\"contentUrl\":\"https:\/\/www.cottagesdeperpignan.com\/wp-content\/uploads\/2023\/11\/logo-cottages-perpignan.png\",\"width\":2560,\"height\":1418,\"caption\":\"Les Cottages de Perpignan\"},\"image\":{\"@id\":\"https:\/\/www.cottagesdeperpignan.com\/nl\/#\/schema\/logo\/image\/\"}}]}<\/script>\n<!-- \/ Yoast SEO plugin. -->","yoast_head_json":{"title":"Maandverhuur Perpignan: Maandverhuur in Perpignan vanaf \u20ac25 per nacht zonder verplichtingen","description":"Ben je op zoek naar een maand-tot-maand huurwoning in Perpignan maar heb je moeite om een accommodatie te vinden? Ontdek ons aantrekkelijke aanbod!","robots":{"index":"index","follow":"follow","max-snippet":"max-snippet:-1","max-image-preview":"max-image-preview:large","max-video-preview":"max-video-preview:-1"},"canonical":"https:\/\/www.cottagesdeperpignan.com\/nl\/huur-een-maand-perpignan\/","og_locale":"nl_NL","og_type":"article","og_title":"Maandverhuur Perpignan: Maandverhuur in Perpignan vanaf \u20ac25 per nacht zonder verplichtingen","og_description":"Ben je op zoek naar een maand-tot-maand huurwoning in Perpignan maar heb je moeite om een accommodatie te vinden? Ontdek ons aantrekkelijke aanbod!","og_url":"https:\/\/www.cottagesdeperpignan.com\/nl\/huur-een-maand-perpignan\/","og_site_name":"Les Cottages de Perpignan","article_modified_time":"2024-01-30T11:22:22+00:00","og_image":[{"url":"https:\/\/www.cottagesdeperpignan.com\/wp-content\/uploads\/2023\/11\/louer-mobil-home-perpignan.webp"}],"twitter_card":"summary_large_image","twitter_misc":{"Geschatte leestijd":"3 minuten"},"schema":{"@context":"https:\/\/schema.org","@graph":[{"@type":"WebPage","@id":"https:\/\/www.cottagesdeperpignan.com\/nl\/huur-een-maand-perpignan\/","url":"https:\/\/www.cottagesdeperpignan.com\/nl\/huur-een-maand-perpignan\/","name":"Maandverhuur Perpignan: Maandverhuur in Perpignan vanaf \u20ac25 per nacht zonder verplichtingen","isPartOf":{"@id":"https:\/\/www.cottagesdeperpignan.com\/nl\/#website"},"primaryImageOfPage":{"@id":"https:\/\/www.cottagesdeperpignan.com\/nl\/huur-een-maand-perpignan\/#primaryimage"},"image":{"@id":"https:\/\/www.cottagesdeperpignan.com\/nl\/huur-een-maand-perpignan\/#primaryimage"},"thumbnailUrl":"https:\/\/www.cottagesdeperpignan.com\/wp-content\/uploads\/2023\/11\/louer-mobil-home-perpignan.webp","datePublished":"2024-01-22T14:05:41+00:00","dateModified":"2024-01-30T11:22:22+00:00","description":"Ben je op zoek naar een maand-tot-maand huurwoning in Perpignan maar heb je moeite om een accommodatie te vinden? Ontdek ons aantrekkelijke aanbod!","breadcrumb":{"@id":"https:\/\/www.cottagesdeperpignan.com\/nl\/huur-een-maand-perpignan\/#breadcrumb"},"inLanguage":"nl-NL","potentialAction":[{"@type":"ReadAction","target":["https:\/\/www.cottagesdeperpignan.com\/nl\/huur-een-maand-perpignan\/"]}]},{"@type":"ImageObject","inLanguage":"nl-NL","@id":"https:\/\/www.cottagesdeperpignan.com\/nl\/huur-een-maand-perpignan\/#primaryimage","url":"https:\/\/www.cottagesdeperpignan.com\/wp-content\/uploads\/2023\/11\/louer-mobil-home-perpignan.webp","contentUrl":"https:\/\/www.cottagesdeperpignan.com\/wp-content\/uploads\/2023\/11\/louer-mobil-home-perpignan.webp"},{"@type":"BreadcrumbList","@id":"https:\/\/www.cottagesdeperpignan.com\/nl\/huur-een-maand-perpignan\/#breadcrumb","itemListElement":[{"@type":"ListItem","position":1,"name":"Camping Perpignan","item":"https:\/\/www.cottagesdeperpignan.com\/nl\/"},{"@type":"ListItem","position":2,"name":"Maandelijkse huur"}]},{"@type":"WebSite","@id":"https:\/\/www.cottagesdeperpignan.com\/nl\/#website","url":"https:\/\/www.cottagesdeperpignan.com\/nl\/","name":"Les Cottages de Perpignan","description":"","publisher":{"@id":"https:\/\/www.cottagesdeperpignan.com\/nl\/#organization"},"potentialAction":[{"@type":"SearchAction","target":{"@type":"EntryPoint","urlTemplate":"https:\/\/www.cottagesdeperpignan.com\/nl\/?s={search_term_string}"},"query-input":{"@type":"PropertyValueSpecification","valueRequired":true,"valueName":"search_term_string"}}],"inLanguage":"nl-NL"},{"@type":"Organization","@id":"https:\/\/www.cottagesdeperpignan.com\/nl\/#organization","name":"Les Cottages de Perpignan","url":"https:\/\/www.cottagesdeperpignan.com\/nl\/","logo":{"@type":"ImageObject","inLanguage":"nl-NL","@id":"https:\/\/www.cottagesdeperpignan.com\/nl\/#\/schema\/logo\/image\/","url":"https:\/\/www.cottagesdeperpignan.com\/wp-content\/uploads\/2023\/11\/logo-cottages-perpignan.png","contentUrl":"https:\/\/www.cottagesdeperpignan.com\/wp-content\/uploads\/2023\/11\/logo-cottages-perpignan.png","width":2560,"height":1418,"caption":"Les Cottages de Perpignan"},"image":{"@id":"https:\/\/www.cottagesdeperpignan.com\/nl\/#\/schema\/logo\/image\/"}}]}},"_links":{"self":[{"href":"https:\/\/www.cottagesdeperpignan.com\/nl\/wp-json\/wp\/v2\/pages\/5368","targetHints":{"allow":["GET"]}}],"collection":[{"href":"https:\/\/www.cottagesdeperpignan.com\/nl\/wp-json\/wp\/v2\/pages"}],"about":[{"href":"https:\/\/www.cottagesdeperpignan.com\/nl\/wp-json\/wp\/v2\/types\/page"}],"author":[{"embeddable":true,"href":"https:\/\/www.cottagesdeperpignan.com\/nl\/wp-json\/wp\/v2\/users\/2"}],"replies":[{"embeddable":true,"href":"https:\/\/www.cottagesdeperpignan.com\/nl\/wp-json\/wp\/v2\/comments?post=5368"}],"version-history":[{"count":1,"href":"https:\/\/www.cottagesdeperpignan.com\/nl\/wp-json\/wp\/v2\/pages\/5368\/revisions"}],"predecessor-version":[{"id":5369,"href":"https:\/\/www.cottagesdeperpignan.com\/nl\/wp-json\/wp\/v2\/pages\/5368\/revisions\/5369"}],"wp:attachment":[{"href":"https:\/\/www.cottagesdeperpignan.com\/nl\/wp-json\/wp\/v2\/media?parent=5368"}],"wp:term":[{"taxonomy":"sujet","embeddable":true,"href":"https:\/\/www.cottagesdeperpignan.com\/nl\/wp-json\/wp\/v2\/sujet?post=5368"}],"curies":[{"name":"wp","href":"https:\/\/api.w.org\/{rel}","templated":true}]}}